{"id":9881,"date":"2021-03-24T20:32:07","date_gmt":"2021-03-24T19:32:07","guid":{"rendered":"https:\/\/www.interpeace.org\/?post_type=resource&#038;p=9881"},"modified":"2021-03-24T20:32:07","modified_gmt":"2021-03-24T19:32:07","slug":"strategy-2021-resilient-peace","status":"publish","type":"resource","link":"https:\/\/www.interpeace.org\/fr\/resource\/strategy-2021-resilient-peace\/","title":{"rendered":"Strategy 2021-2025: A Resilient Peace \u2013 Bi fold"},"content":{"rendered":"<div class=\"n2-ss-slide--focus\" role=\"note\">Actuellement, 80% de toutes les crises humanitaires sont li\u00e9es \u00e0 des conflits, dont la majorit\u00e9 dure plus de dix ans. La polarisation politique augmente, alors que la confiance dans les institutions et dans les syst\u00e8mes \u00e9conomiques est peu \u00e9lev\u00e9e. En consid\u00e9rant ces tendances et cette volatilit\u00e9, il est imp\u00e9ratif de renforcer les capacit\u00e9s positives et existantes, de m\u00eame que la r\u00e9silience, des individus et des communaut\u00e9s pour aboutir \u00e0 une paix durable, de la croissance et du d\u00e9veloppement.<\/div>\n<div class=\"n2-ss-layers-container n2-ow\">\n<div class=\"n2-ss-layer n2-ow\" data-desktopportraitpadding=\"0|*|0|*|0|*|0\" data-sstype=\"slide\" data-csstextalign=\"center\" data-pm=\"default\">\n<div class=\"n2-ss-layer n2-ow n-uc-1a29e02fd5523\" data-csstextalign=\"center\" data-has-maxwidth=\"0\" data-desktopportraitmaxwidth=\"0\" data-cssselfalign=\"left\" data-desktopportraitselfalign=\"left\" data-pm=\"default\" data-desktopportraitverticalalign=\"center\" data-desktopportraitpadding=\"0|*|0|*|0|*|0|*|px+\" data-mobileportraitpadding=\"10|*|10|*|60|*|10|*|px+\" data-desktopportraitinneralign=\"center\" data-sstype=\"content\" data-hasbackground=\"0\" data-rotation=\"0\" data-desktopportrait=\"1\" data-desktoplandscape=\"1\" data-tabletportrait=\"1\" data-tabletlandscape=\"1\" data-mobileportrait=\"1\" data-mobilelandscape=\"1\" data-adaptivefont=\"1\" data-desktopportraitfontsize=\"100\" data-plugin=\"rendered\">\n<div class=\"n2-ss-section-main-content n2-ss-layer-content n2-ow n-uc-1a29e02fd5523-inner\" data-verticalalign=\"center\">\n<div class=\"n2-ss-layer n2-ow n-uc-msLPYk3zTTXo\" data-frontend-fullwidth=\"1\" data-pm=\"normal\" data-desktopportraitmargin=\"0|*|0|*|0|*|0|*|px+\" data-desktopportraitheight=\"0\" data-has-maxwidth=\"0\" data-desktopportraitmaxwidth=\"0\" data-cssselfalign=\"inherit\" data-desktopportraitselfalign=\"inherit\" data-csstextalign=\"inherit\" data-desktopportraitpadding=\"20|*|20|*|20|*|20|*|px+\" data-desktopportraitgutter=\"20\" data-desktopportraitwrapafter=\"0\" data-mobileportraitwrapafter=\"1\" data-mobilelandscapewrapafter=\"1\" data-desktopportraitinneralign=\"inherit\" data-sstype=\"row\" data-rotation=\"0\" data-desktopportrait=\"1\" data-desktoplandscape=\"1\" data-tabletportrait=\"1\" data-tabletlandscape=\"1\" data-mobileportrait=\"1\" data-mobilelandscape=\"1\" data-adaptivefont=\"0\" data-desktopportraitfontsize=\"100\" data-plugin=\"rendered\">\n<div class=\"n2-ss-layer-row n-uc-msLPYk3zTTXo-inner\">\n<div class=\"n2-ss-layer-row-inner\">\n<div class=\"n2-ss-layer n2-ow n-uc-1de3b6596b3d5 n2-ss-last-in-row\" data-csstextalign=\"left\" data-has-maxwidth=\"0\" data-desktopportraitmaxwidth=\"0\" data-pm=\"default\" data-desktopportraitverticalalign=\"flex-start\" data-desktopportraitpadding=\"10|*|10|*|10|*|10|*|px+\" data-desktopportraitinneralign=\"left\" data-desktopportraitorder=\"0\" data-colwidthpercent=\"100\" data-sstype=\"col\" data-rotation=\"0\" data-desktopportrait=\"1\" data-desktoplandscape=\"1\" data-tabletportrait=\"1\" data-tabletlandscape=\"1\" data-mobileportrait=\"1\" data-mobilelandscape=\"1\" data-adaptivefont=\"0\" data-desktopportraitfontsize=\"100\" data-plugin=\"rendered\" data-r=\"0\">\n<div class=\"n2-ss-layer-col n2-ss-layer-content n-uc-1de3b6596b3d5-inner\" data-verticalalign=\"flex-start\">\n<div class=\"n2-ss-layer n2-ow\" data-pm=\"normal\" data-desktopportraitmargin=\"0|*|0|*|0|*|0|*|px+\" data-desktopportraitheight=\"0\" data-has-maxwidth=\"0\" data-desktopportraitmaxwidth=\"0\" data-cssselfalign=\"inherit\" data-desktopportraitselfalign=\"inherit\" data-sstype=\"layer\" data-rotation=\"0\" data-desktopportrait=\"1\" data-desktoplandscape=\"1\" data-tabletportrait=\"1\" data-tabletlandscape=\"1\" data-mobileportrait=\"1\" data-mobilelandscape=\"1\" data-adaptivefont=\"0\" data-desktopportraitfontsize=\"100\" data-plugin=\"rendered\">\n<div class=\"n2-ss-item-content n2-ow\">\n<div class=\"n2-ow n2-ow-all\">\n<p class=\"n2-font-190b9ac17dc1319933bae105f0a3fcc5-paragraph n2-style-d4035adfa79ada5f228d87142ef0c01f-heading n2-ow\">A world in which enduring peace is evident in the cohesion and resilience of citizens, the diversity and inclusion of communities, and the responsiveness and trustworthiness of State institutions.<\/p>\n<\/div>\n<\/div>\n<\/div>\n<\/div>\n<\/div>\n<\/div>\n<\/div>\n<\/div>\n<\/div>\n<\/div>\n<\/div>\n<\/div>\n<div class=\"row extra extra-inpage\">\n<div class=\"col-xs-6\">\n<p class=\"link open-link\">\n<\/div>\n<\/div>","protected":false},"featured_media":9817,"template":"","meta":{"_acf_changed":false,"_editorskit_title_hidden":false,"_editorskit_reading_time":0,"_editorskit_is_block_options_detached":false,"_editorskit_block_options_position":"{}","editor_plus_copied_stylings":"{}","_exactmetrics_skip_tracking":false,"_exactmetrics_sitenote_active":false,"_exactmetrics_sitenote_note":"","_exactmetrics_sitenote_category":0,"_links_to":"","_links_to_target":""},"globales":[],"initiatives":[],"language":[65],"programmes":[],"programme_resources":[],"resource-type":[],"resource_theme":[],"videos_vimeo":[],"resources_categories":[],"class_list":["post-9881","resource","type-resource","status-publish","has-post-thumbnail","hentry","language-english"],"acf":[],"yoast_head":"<!-- This site is optimized with the Yoast SEO Premium plugin v27.4 (Yoast SEO v27.4) - https:\/\/yoast.com\/product\/yoast-seo-premium-wordpress\/ -->\n<title>Strategy 2021-2025: A Resilient Peace \u2013 Bi fold - Interpeace<\/title>\n<meta name=\"robots\" content=\"index, follow, max-snippet:-1, max-image-preview:large, max-video-preview:-1\" \/>\n<link rel=\"canonical\" href=\"https:\/\/www.interpeace.org\/fr\/resource\/strategy-2021-resilient-peace\/\" \/>\n<meta property=\"og:locale\" content=\"fr_FR\" \/>\n<meta property=\"og:type\" content=\"article\" \/>\n<meta property=\"og:title\" content=\"Strategy 2021-2025: A Resilient Peace \u2013 Bi fold\" \/>\n<meta property=\"og:description\" content=\"Eighty percent of all humanitarian crises are now conflict-related, the majority lasting over a decade. Political polarisation is on the rise, while trust in institutions and confidence in economic systems is weak. In light of these trends and volatility, it is imperative to strengthen the positive, built-in capacities and resilience of individuals and communities in [&hellip;]\" \/>\n<meta property=\"og:url\" content=\"https:\/\/www.interpeace.org\/fr\/resource\/strategy-2021-resilient-peace\/\" \/>\n<meta property=\"og:site_name\" content=\"Interpeace\" \/>\n<meta property=\"article:publisher\" content=\"https:\/\/www.facebook.com\/Interpeace\" \/>\n<meta property=\"og:image\" content=\"https:\/\/www.interpeace.org\/wp-content\/uploads\/2021\/04\/UN-Photo_Marco-Dormino_Mali-2_feature-image-1000x500.jpg\" \/>\n\t<meta property=\"og:image:width\" content=\"1000\" \/>\n\t<meta property=\"og:image:height\" content=\"666\" \/>\n\t<meta property=\"og:image:type\" content=\"image\/jpeg\" \/>\n<meta name=\"twitter:card\" content=\"summary_large_image\" \/>\n<meta name=\"twitter:site\" content=\"@InterpeaceTweet\" \/>\n<script type=\"application\/ld+json\" class=\"yoast-schema-graph\">{\"@context\":\"https:\\\/\\\/schema.org\",\"@graph\":[{\"@type\":\"WebPage\",\"@id\":\"https:\\\/\\\/www.interpeace.org\\\/resource\\\/strategy-2021-resilient-peace\\\/\",\"url\":\"https:\\\/\\\/www.interpeace.org\\\/resource\\\/strategy-2021-resilient-peace\\\/\",\"name\":\"Strategy 2021-2025: A Resilient Peace \u2013 Bi fold - Interpeace\",\"isPartOf\":{\"@id\":\"https:\\\/\\\/www.interpeace.org\\\/#website\"},\"primaryImageOfPage\":{\"@id\":\"https:\\\/\\\/www.interpeace.org\\\/resource\\\/strategy-2021-resilient-peace\\\/#primaryimage\"},\"image\":{\"@id\":\"https:\\\/\\\/www.interpeace.org\\\/resource\\\/strategy-2021-resilient-peace\\\/#primaryimage\"},\"thumbnailUrl\":\"https:\\\/\\\/www.interpeace.org\\\/wp-content\\\/uploads\\\/2021\\\/04\\\/UN-Photo_Marco-Dormino_Mali-2_feature-image-1000x500.jpg\",\"datePublished\":\"2021-03-24T19:32:07+00:00\",\"breadcrumb\":{\"@id\":\"https:\\\/\\\/www.interpeace.org\\\/resource\\\/strategy-2021-resilient-peace\\\/#breadcrumb\"},\"inLanguage\":\"fr-FR\",\"potentialAction\":[{\"@type\":\"ReadAction\",\"target\":[\"https:\\\/\\\/www.interpeace.org\\\/resource\\\/strategy-2021-resilient-peace\\\/\"]}]},{\"@type\":\"ImageObject\",\"inLanguage\":\"fr-FR\",\"@id\":\"https:\\\/\\\/www.interpeace.org\\\/resource\\\/strategy-2021-resilient-peace\\\/#primaryimage\",\"url\":\"https:\\\/\\\/www.interpeace.org\\\/wp-content\\\/uploads\\\/2021\\\/04\\\/UN-Photo_Marco-Dormino_Mali-2_feature-image-1000x500.jpg\",\"contentUrl\":\"https:\\\/\\\/www.interpeace.org\\\/wp-content\\\/uploads\\\/2021\\\/04\\\/UN-Photo_Marco-Dormino_Mali-2_feature-image-1000x500.jpg\",\"width\":1000,\"height\":666,\"caption\":\"Youth theatre for peace and reconciliation in Gao, Mali. Photo credit: CC UN Photo by Marco Dormino\"},{\"@type\":\"BreadcrumbList\",\"@id\":\"https:\\\/\\\/www.interpeace.org\\\/resource\\\/strategy-2021-resilient-peace\\\/#breadcrumb\",\"itemListElement\":[{\"@type\":\"ListItem\",\"position\":1,\"name\":\"Home\",\"item\":\"https:\\\/\\\/www.interpeace.org\\\/\"},{\"@type\":\"ListItem\",\"position\":2,\"name\":\"Strategy 2021-2025: A Resilient Peace \u2013 Bi fold\"}]},{\"@type\":\"WebSite\",\"@id\":\"https:\\\/\\\/www.interpeace.org\\\/#website\",\"url\":\"https:\\\/\\\/www.interpeace.org\\\/\",\"name\":\"Interpeace\",\"description\":\"Enabling people to build lasting peace since 1994\",\"publisher\":{\"@id\":\"https:\\\/\\\/www.interpeace.org\\\/#organization\"},\"potentialAction\":[{\"@type\":\"SearchAction\",\"target\":{\"@type\":\"EntryPoint\",\"urlTemplate\":\"https:\\\/\\\/www.interpeace.org\\\/?s={search_term_string}\"},\"query-input\":{\"@type\":\"PropertyValueSpecification\",\"valueRequired\":true,\"valueName\":\"search_term_string\"}}],\"inLanguage\":\"fr-FR\"},{\"@type\":\"Organization\",\"@id\":\"https:\\\/\\\/www.interpeace.org\\\/#organization\",\"name\":\"INTERPEACE\",\"url\":\"https:\\\/\\\/www.interpeace.org\\\/\",\"logo\":{\"@type\":\"ImageObject\",\"inLanguage\":\"fr-FR\",\"@id\":\"https:\\\/\\\/www.interpeace.org\\\/#\\\/schema\\\/logo\\\/image\\\/\",\"url\":\"https:\\\/\\\/www.interpeace.org\\\/wp-content\\\/uploads\\\/2019\\\/11\\\/EN-Interpeace-small.png\",\"contentUrl\":\"https:\\\/\\\/www.interpeace.org\\\/wp-content\\\/uploads\\\/2019\\\/11\\\/EN-Interpeace-small.png\",\"width\":111,\"height\":85,\"caption\":\"INTERPEACE\"},\"image\":{\"@id\":\"https:\\\/\\\/www.interpeace.org\\\/#\\\/schema\\\/logo\\\/image\\\/\"},\"sameAs\":[\"https:\\\/\\\/www.facebook.com\\\/Interpeace\",\"https:\\\/\\\/x.com\\\/InterpeaceTweet\",\"https:\\\/\\\/www.instagram.com\\\/interpeace\\\/\"]}]}<\/script>\n<!-- \/ Yoast SEO Premium plugin. -->","yoast_head_json":{"title":"Strategy 2021-2025: A Resilient Peace \u2013 Bi fold - Interpeace","robots":{"index":"index","follow":"follow","max-snippet":"max-snippet:-1","max-image-preview":"max-image-preview:large","max-video-preview":"max-video-preview:-1"},"canonical":"https:\/\/www.interpeace.org\/fr\/resource\/strategy-2021-resilient-peace\/","og_locale":"fr_FR","og_type":"article","og_title":"Strategy 2021-2025: A Resilient Peace \u2013 Bi fold","og_description":"Eighty percent of all humanitarian crises are now conflict-related, the majority lasting over a decade. Political polarisation is on the rise, while trust in institutions and confidence in economic systems is weak. In light of these trends and volatility, it is imperative to strengthen the positive, built-in capacities and resilience of individuals and communities in [&hellip;]","og_url":"https:\/\/www.interpeace.org\/fr\/resource\/strategy-2021-resilient-peace\/","og_site_name":"Interpeace","article_publisher":"https:\/\/www.facebook.com\/Interpeace","og_image":[{"width":1000,"height":666,"url":"https:\/\/www.interpeace.org\/wp-content\/uploads\/2021\/04\/UN-Photo_Marco-Dormino_Mali-2_feature-image-1000x500.jpg","type":"image\/jpeg"}],"twitter_card":"summary_large_image","twitter_site":"@InterpeaceTweet","schema":{"@context":"https:\/\/schema.org","@graph":[{"@type":"WebPage","@id":"https:\/\/www.interpeace.org\/resource\/strategy-2021-resilient-peace\/","url":"https:\/\/www.interpeace.org\/resource\/strategy-2021-resilient-peace\/","name":"Strategy 2021-2025: A Resilient Peace \u2013 Bi fold - Interpeace","isPartOf":{"@id":"https:\/\/www.interpeace.org\/#website"},"primaryImageOfPage":{"@id":"https:\/\/www.interpeace.org\/resource\/strategy-2021-resilient-peace\/#primaryimage"},"image":{"@id":"https:\/\/www.interpeace.org\/resource\/strategy-2021-resilient-peace\/#primaryimage"},"thumbnailUrl":"https:\/\/www.interpeace.org\/wp-content\/uploads\/2021\/04\/UN-Photo_Marco-Dormino_Mali-2_feature-image-1000x500.jpg","datePublished":"2021-03-24T19:32:07+00:00","breadcrumb":{"@id":"https:\/\/www.interpeace.org\/resource\/strategy-2021-resilient-peace\/#breadcrumb"},"inLanguage":"fr-FR","potentialAction":[{"@type":"ReadAction","target":["https:\/\/www.interpeace.org\/resource\/strategy-2021-resilient-peace\/"]}]},{"@type":"ImageObject","inLanguage":"fr-FR","@id":"https:\/\/www.interpeace.org\/resource\/strategy-2021-resilient-peace\/#primaryimage","url":"https:\/\/www.interpeace.org\/wp-content\/uploads\/2021\/04\/UN-Photo_Marco-Dormino_Mali-2_feature-image-1000x500.jpg","contentUrl":"https:\/\/www.interpeace.org\/wp-content\/uploads\/2021\/04\/UN-Photo_Marco-Dormino_Mali-2_feature-image-1000x500.jpg","width":1000,"height":666,"caption":"Youth theatre for peace and reconciliation in Gao, Mali. Photo credit: CC UN Photo by Marco Dormino"},{"@type":"BreadcrumbList","@id":"https:\/\/www.interpeace.org\/resource\/strategy-2021-resilient-peace\/#breadcrumb","itemListElement":[{"@type":"ListItem","position":1,"name":"Home","item":"https:\/\/www.interpeace.org\/"},{"@type":"ListItem","position":2,"name":"Strategy 2021-2025: A Resilient Peace \u2013 Bi fold"}]},{"@type":"WebSite","@id":"https:\/\/www.interpeace.org\/#website","url":"https:\/\/www.interpeace.org\/","name":"Interpeace","description":"Permettre aux gens de construire une paix durable depuis 1994","publisher":{"@id":"https:\/\/www.interpeace.org\/#organization"},"potentialAction":[{"@type":"SearchAction","target":{"@type":"EntryPoint","urlTemplate":"https:\/\/www.interpeace.org\/?s={search_term_string}"},"query-input":{"@type":"PropertyValueSpecification","valueRequired":true,"valueName":"search_term_string"}}],"inLanguage":"fr-FR"},{"@type":"Organization","@id":"https:\/\/www.interpeace.org\/#organization","name":"INTERPEACE","url":"https:\/\/www.interpeace.org\/","logo":{"@type":"ImageObject","inLanguage":"fr-FR","@id":"https:\/\/www.interpeace.org\/#\/schema\/logo\/image\/","url":"https:\/\/www.interpeace.org\/wp-content\/uploads\/2019\/11\/EN-Interpeace-small.png","contentUrl":"https:\/\/www.interpeace.org\/wp-content\/uploads\/2019\/11\/EN-Interpeace-small.png","width":111,"height":85,"caption":"INTERPEACE"},"image":{"@id":"https:\/\/www.interpeace.org\/#\/schema\/logo\/image\/"},"sameAs":["https:\/\/www.facebook.com\/Interpeace","https:\/\/x.com\/InterpeaceTweet","https:\/\/www.instagram.com\/interpeace\/"]}]}},"_links":{"self":[{"href":"https:\/\/www.interpeace.org\/fr\/wp-json\/wp\/v2\/resource\/9881","targetHints":{"allow":["GET"]}}],"collection":[{"href":"https:\/\/www.interpeace.org\/fr\/wp-json\/wp\/v2\/resource"}],"about":[{"href":"https:\/\/www.interpeace.org\/fr\/wp-json\/wp\/v2\/types\/resource"}],"wp:featuredmedia":[{"embeddable":true,"href":"https:\/\/www.interpeace.org\/fr\/wp-json\/wp\/v2\/media\/9817"}],"wp:attachment":[{"href":"https:\/\/www.interpeace.org\/fr\/wp-json\/wp\/v2\/media?parent=9881"}],"wp:term":[{"taxonomy":"globales","embeddable":true,"href":"https:\/\/www.interpeace.org\/fr\/wp-json\/wp\/v2\/globales?post=9881"},{"taxonomy":"initiatives","embeddable":true,"href":"https:\/\/www.interpeace.org\/fr\/wp-json\/wp\/v2\/initiatives?post=9881"},{"taxonomy":"language","embeddable":true,"href":"https:\/\/www.interpeace.org\/fr\/wp-json\/wp\/v2\/language?post=9881"},{"taxonomy":"programmes","embeddable":true,"href":"https:\/\/www.interpeace.org\/fr\/wp-json\/wp\/v2\/programmes?post=9881"},{"taxonomy":"programme_resources","embeddable":true,"href":"https:\/\/www.interpeace.org\/fr\/wp-json\/wp\/v2\/programme_resources?post=9881"},{"taxonomy":"resource-type","embeddable":true,"href":"https:\/\/www.interpeace.org\/fr\/wp-json\/wp\/v2\/resource-type?post=9881"},{"taxonomy":"resource_theme","embeddable":true,"href":"https:\/\/www.interpeace.org\/fr\/wp-json\/wp\/v2\/resource_theme?post=9881"},{"taxonomy":"videos_vimeo","embeddable":true,"href":"https:\/\/www.interpeace.org\/fr\/wp-json\/wp\/v2\/videos_vimeo?post=9881"},{"taxonomy":"resources_categories","embeddable":true,"href":"https:\/\/www.interpeace.org\/fr\/wp-json\/wp\/v2\/resources_categories?post=9881"}],"curies":[{"name":"wp","href":"https:\/\/api.w.org\/{rel}","templated":true}]}}