{"id":6716,"date":"2018-02-05T18:40:45","date_gmt":"2018-02-05T17:40:45","guid":{"rendered":"http:\/\/www.interpeace.org\/?post_type=resource&#038;p=6716"},"modified":"2018-02-05T18:40:45","modified_gmt":"2018-02-05T17:40:45","slug":"investir-prevention-lextremisme-violent","status":"publish","type":"resource","link":"https:\/\/www.interpeace.org\/fr\/resource\/investir-prevention-lextremisme-violent\/","title":{"rendered":"Reflet - Table ronde: Investir dans la paix et la pr\u00e9vention face \u00e0 l'extr\u00e9misme violent"},"content":{"rendered":"<p>Suite \u00a0aux \u00ab Conversations r\u00e9gionales \u00bb mises sur pieds \u00e0 Dakar (2016 et\u00a02017), N\u2019Djamena (2017), New York (2017), et Yaound\u00e9\u00a0(2017) sur le th\u00e8me \u00ab\u00a0Investir dans la paix et la pr\u00e9vention de l\u2019extr\u00e9misme violent dans la r\u00e9gion du Sahel \u2013 Sahara\u00a0\u00bb, Interpeace (Gen\u00e8ve), l'Institut International pour la paix (IPI, New York), le Bureau des Nations Unies pour l'Afrique de l'Ouest et le Sahel (UNOWAS, Dakar) et le D\u00e9partement f\u00e9d\u00e9ral des affaires \u00e9trang\u00e8res (DFAE) de Suisse ont organis\u00e9 le 25 janvier 2018 \u00e0 Gen\u00e8ve une Table ronde de restitution des conclusions et recommandations de ces Conversations.<\/p>","protected":false},"featured_media":6718,"template":"","meta":{"_acf_changed":false,"_editorskit_title_hidden":false,"_editorskit_reading_time":0,"_editorskit_is_block_options_detached":false,"_editorskit_block_options_position":"{}","editor_plus_copied_stylings":"{}","_exactmetrics_skip_tracking":false,"_exactmetrics_sitenote_active":false,"_exactmetrics_sitenote_note":"","_exactmetrics_sitenote_category":0,"_links_to":"","_links_to_target":""},"globales":[],"initiatives":[],"language":[66],"programmes":[],"programme_resources":[],"resource-type":[],"resource_theme":[],"videos_vimeo":[],"resources_categories":[],"class_list":["post-6716","resource","type-resource","status-publish","has-post-thumbnail","hentry","language-french"],"acf":[],"yoast_head":"<!-- This site is optimized with the Yoast SEO Premium plugin v27.4 (Yoast SEO v27.4) - https:\/\/yoast.com\/product\/yoast-seo-premium-wordpress\/ -->\n<title>Reflet - Table ronde: Investir dans la paix et la pr\u00e9vention face \u00e0 l&#039;extr\u00e9misme violent - Interpeace<\/title>\n<meta name=\"robots\" content=\"index, follow, max-snippet:-1, max-image-preview:large, max-video-preview:-1\" \/>\n<link rel=\"canonical\" href=\"https:\/\/www.interpeace.org\/fr\/resource\/investir-prevention-lextremisme-violent\/\" \/>\n<meta property=\"og:locale\" content=\"fr_FR\" \/>\n<meta property=\"og:type\" content=\"article\" \/>\n<meta property=\"og:title\" content=\"Reflet - Table ronde: Investir dans la paix et la pr\u00e9vention face \u00e0 l&#039;extr\u00e9misme violent\" \/>\n<meta property=\"og:description\" content=\"Suite \u00a0aux \u00ab Conversations r\u00e9gionales \u00bb mises sur pieds \u00e0 Dakar (2016 et\u00a02017), N\u2019Djamena (2017), New York (2017), et Yaound\u00e9\u00a0(2017) sur le th\u00e8me \u00ab\u00a0Investir dans la paix et la pr\u00e9vention de l\u2019extr\u00e9misme violent dans la r\u00e9gion du Sahel \u2013 Sahara\u00a0\u00bb, Interpeace (Gen\u00e8ve), l&#039;Institut International pour la paix (IPI, New York), le Bureau des Nations Unies [&hellip;]\" \/>\n<meta property=\"og:url\" content=\"https:\/\/www.interpeace.org\/fr\/resource\/investir-prevention-lextremisme-violent\/\" \/>\n<meta property=\"og:site_name\" content=\"Interpeace\" \/>\n<meta property=\"article:publisher\" content=\"https:\/\/www.facebook.com\/Interpeace\" \/>\n<meta property=\"og:image\" content=\"https:\/\/www.interpeace.org\/wp-content\/uploads\/2018\/02\/02-copy-1000x500.png\" \/>\n\t<meta property=\"og:image:width\" content=\"1000\" \/>\n\t<meta property=\"og:image:height\" content=\"601\" \/>\n\t<meta property=\"og:image:type\" content=\"image\/png\" \/>\n<meta name=\"twitter:card\" content=\"summary_large_image\" \/>\n<meta name=\"twitter:site\" content=\"@InterpeaceTweet\" \/>\n<script type=\"application\/ld+json\" class=\"yoast-schema-graph\">{\"@context\":\"https:\\\/\\\/schema.org\",\"@graph\":[{\"@type\":\"WebPage\",\"@id\":\"https:\\\/\\\/www.interpeace.org\\\/fr\\\/resource\\\/investir-prevention-lextremisme-violent\\\/\",\"url\":\"https:\\\/\\\/www.interpeace.org\\\/fr\\\/resource\\\/investir-prevention-lextremisme-violent\\\/\",\"name\":\"Reflet - Table ronde: Investir dans la paix et la pr\u00e9vention face \u00e0 l'extr\u00e9misme violent - Interpeace\",\"isPartOf\":{\"@id\":\"https:\\\/\\\/www.interpeace.org\\\/#website\"},\"primaryImageOfPage\":{\"@id\":\"https:\\\/\\\/www.interpeace.org\\\/fr\\\/resource\\\/investir-prevention-lextremisme-violent\\\/#primaryimage\"},\"image\":{\"@id\":\"https:\\\/\\\/www.interpeace.org\\\/fr\\\/resource\\\/investir-prevention-lextremisme-violent\\\/#primaryimage\"},\"thumbnailUrl\":\"https:\\\/\\\/www.interpeace.org\\\/wp-content\\\/uploads\\\/2018\\\/02\\\/02-copy-1000x500.png\",\"datePublished\":\"2018-02-05T17:40:45+00:00\",\"breadcrumb\":{\"@id\":\"https:\\\/\\\/www.interpeace.org\\\/fr\\\/resource\\\/investir-prevention-lextremisme-violent\\\/#breadcrumb\"},\"inLanguage\":\"fr-FR\",\"potentialAction\":[{\"@type\":\"ReadAction\",\"target\":[\"https:\\\/\\\/www.interpeace.org\\\/fr\\\/resource\\\/investir-prevention-lextremisme-violent\\\/\"]}]},{\"@type\":\"ImageObject\",\"inLanguage\":\"fr-FR\",\"@id\":\"https:\\\/\\\/www.interpeace.org\\\/fr\\\/resource\\\/investir-prevention-lextremisme-violent\\\/#primaryimage\",\"url\":\"https:\\\/\\\/www.interpeace.org\\\/wp-content\\\/uploads\\\/2018\\\/02\\\/02-copy-1000x500.png\",\"contentUrl\":\"https:\\\/\\\/www.interpeace.org\\\/wp-content\\\/uploads\\\/2018\\\/02\\\/02-copy-1000x500.png\",\"width\":1000,\"height\":601,\"caption\":\"UN Photo by Jean Marc Ferr\u00e9\"},{\"@type\":\"BreadcrumbList\",\"@id\":\"https:\\\/\\\/www.interpeace.org\\\/fr\\\/resource\\\/investir-prevention-lextremisme-violent\\\/#breadcrumb\",\"itemListElement\":[{\"@type\":\"ListItem\",\"position\":1,\"name\":\"Home\",\"item\":\"https:\\\/\\\/www.interpeace.org\\\/\"},{\"@type\":\"ListItem\",\"position\":2,\"name\":\"Reflet - Table ronde: Investir dans la paix et la pr\u00e9vention face \u00e0 l'extr\u00e9misme violent\"}]},{\"@type\":\"WebSite\",\"@id\":\"https:\\\/\\\/www.interpeace.org\\\/#website\",\"url\":\"https:\\\/\\\/www.interpeace.org\\\/\",\"name\":\"Interpeace\",\"description\":\"Enabling people to build lasting peace since 1994\",\"publisher\":{\"@id\":\"https:\\\/\\\/www.interpeace.org\\\/#organization\"},\"potentialAction\":[{\"@type\":\"SearchAction\",\"target\":{\"@type\":\"EntryPoint\",\"urlTemplate\":\"https:\\\/\\\/www.interpeace.org\\\/?s={search_term_string}\"},\"query-input\":{\"@type\":\"PropertyValueSpecification\",\"valueRequired\":true,\"valueName\":\"search_term_string\"}}],\"inLanguage\":\"fr-FR\"},{\"@type\":\"Organization\",\"@id\":\"https:\\\/\\\/www.interpeace.org\\\/#organization\",\"name\":\"INTERPEACE\",\"url\":\"https:\\\/\\\/www.interpeace.org\\\/\",\"logo\":{\"@type\":\"ImageObject\",\"inLanguage\":\"fr-FR\",\"@id\":\"https:\\\/\\\/www.interpeace.org\\\/#\\\/schema\\\/logo\\\/image\\\/\",\"url\":\"https:\\\/\\\/www.interpeace.org\\\/wp-content\\\/uploads\\\/2019\\\/11\\\/EN-Interpeace-small.png\",\"contentUrl\":\"https:\\\/\\\/www.interpeace.org\\\/wp-content\\\/uploads\\\/2019\\\/11\\\/EN-Interpeace-small.png\",\"width\":111,\"height\":85,\"caption\":\"INTERPEACE\"},\"image\":{\"@id\":\"https:\\\/\\\/www.interpeace.org\\\/#\\\/schema\\\/logo\\\/image\\\/\"},\"sameAs\":[\"https:\\\/\\\/www.facebook.com\\\/Interpeace\",\"https:\\\/\\\/x.com\\\/InterpeaceTweet\",\"https:\\\/\\\/www.instagram.com\\\/interpeace\\\/\"]}]}<\/script>\n<!-- \/ Yoast SEO Premium plugin. -->","yoast_head_json":{"title":"Reflet - Table ronde: Investir dans la paix et la pr\u00e9vention face \u00e0 l'extr\u00e9misme violent - Interpeace","robots":{"index":"index","follow":"follow","max-snippet":"max-snippet:-1","max-image-preview":"max-image-preview:large","max-video-preview":"max-video-preview:-1"},"canonical":"https:\/\/www.interpeace.org\/fr\/resource\/investir-prevention-lextremisme-violent\/","og_locale":"fr_FR","og_type":"article","og_title":"Reflet - Table ronde: Investir dans la paix et la pr\u00e9vention face \u00e0 l'extr\u00e9misme violent","og_description":"Suite \u00a0aux \u00ab Conversations r\u00e9gionales \u00bb mises sur pieds \u00e0 Dakar (2016 et\u00a02017), N\u2019Djamena (2017), New York (2017), et Yaound\u00e9\u00a0(2017) sur le th\u00e8me \u00ab\u00a0Investir dans la paix et la pr\u00e9vention de l\u2019extr\u00e9misme violent dans la r\u00e9gion du Sahel \u2013 Sahara\u00a0\u00bb, Interpeace (Gen\u00e8ve), l'Institut International pour la paix (IPI, New York), le Bureau des Nations Unies [&hellip;]","og_url":"https:\/\/www.interpeace.org\/fr\/resource\/investir-prevention-lextremisme-violent\/","og_site_name":"Interpeace","article_publisher":"https:\/\/www.facebook.com\/Interpeace","og_image":[{"width":1000,"height":601,"url":"https:\/\/www.interpeace.org\/wp-content\/uploads\/2018\/02\/02-copy-1000x500.png","type":"image\/png"}],"twitter_card":"summary_large_image","twitter_site":"@InterpeaceTweet","schema":{"@context":"https:\/\/schema.org","@graph":[{"@type":"WebPage","@id":"https:\/\/www.interpeace.org\/fr\/resource\/investir-prevention-lextremisme-violent\/","url":"https:\/\/www.interpeace.org\/fr\/resource\/investir-prevention-lextremisme-violent\/","name":"Reflet - Table ronde: Investir dans la paix et la pr\u00e9vention face \u00e0 l'extr\u00e9misme violent - Interpeace","isPartOf":{"@id":"https:\/\/www.interpeace.org\/#website"},"primaryImageOfPage":{"@id":"https:\/\/www.interpeace.org\/fr\/resource\/investir-prevention-lextremisme-violent\/#primaryimage"},"image":{"@id":"https:\/\/www.interpeace.org\/fr\/resource\/investir-prevention-lextremisme-violent\/#primaryimage"},"thumbnailUrl":"https:\/\/www.interpeace.org\/wp-content\/uploads\/2018\/02\/02-copy-1000x500.png","datePublished":"2018-02-05T17:40:45+00:00","breadcrumb":{"@id":"https:\/\/www.interpeace.org\/fr\/resource\/investir-prevention-lextremisme-violent\/#breadcrumb"},"inLanguage":"fr-FR","potentialAction":[{"@type":"ReadAction","target":["https:\/\/www.interpeace.org\/fr\/resource\/investir-prevention-lextremisme-violent\/"]}]},{"@type":"ImageObject","inLanguage":"fr-FR","@id":"https:\/\/www.interpeace.org\/fr\/resource\/investir-prevention-lextremisme-violent\/#primaryimage","url":"https:\/\/www.interpeace.org\/wp-content\/uploads\/2018\/02\/02-copy-1000x500.png","contentUrl":"https:\/\/www.interpeace.org\/wp-content\/uploads\/2018\/02\/02-copy-1000x500.png","width":1000,"height":601,"caption":"UN Photo by Jean Marc Ferr\u00e9"},{"@type":"BreadcrumbList","@id":"https:\/\/www.interpeace.org\/fr\/resource\/investir-prevention-lextremisme-violent\/#breadcrumb","itemListElement":[{"@type":"ListItem","position":1,"name":"Home","item":"https:\/\/www.interpeace.org\/"},{"@type":"ListItem","position":2,"name":"Reflet - Table ronde: Investir dans la paix et la pr\u00e9vention face \u00e0 l'extr\u00e9misme violent"}]},{"@type":"WebSite","@id":"https:\/\/www.interpeace.org\/#website","url":"https:\/\/www.interpeace.org\/","name":"Interpeace","description":"Permettre aux gens de construire une paix durable depuis 1994","publisher":{"@id":"https:\/\/www.interpeace.org\/#organization"},"potentialAction":[{"@type":"SearchAction","target":{"@type":"EntryPoint","urlTemplate":"https:\/\/www.interpeace.org\/?s={search_term_string}"},"query-input":{"@type":"PropertyValueSpecification","valueRequired":true,"valueName":"search_term_string"}}],"inLanguage":"fr-FR"},{"@type":"Organization","@id":"https:\/\/www.interpeace.org\/#organization","name":"INTERPEACE","url":"https:\/\/www.interpeace.org\/","logo":{"@type":"ImageObject","inLanguage":"fr-FR","@id":"https:\/\/www.interpeace.org\/#\/schema\/logo\/image\/","url":"https:\/\/www.interpeace.org\/wp-content\/uploads\/2019\/11\/EN-Interpeace-small.png","contentUrl":"https:\/\/www.interpeace.org\/wp-content\/uploads\/2019\/11\/EN-Interpeace-small.png","width":111,"height":85,"caption":"INTERPEACE"},"image":{"@id":"https:\/\/www.interpeace.org\/#\/schema\/logo\/image\/"},"sameAs":["https:\/\/www.facebook.com\/Interpeace","https:\/\/x.com\/InterpeaceTweet","https:\/\/www.instagram.com\/interpeace\/"]}]}},"_links":{"self":[{"href":"https:\/\/www.interpeace.org\/fr\/wp-json\/wp\/v2\/resource\/6716","targetHints":{"allow":["GET"]}}],"collection":[{"href":"https:\/\/www.interpeace.org\/fr\/wp-json\/wp\/v2\/resource"}],"about":[{"href":"https:\/\/www.interpeace.org\/fr\/wp-json\/wp\/v2\/types\/resource"}],"wp:featuredmedia":[{"embeddable":true,"href":"https:\/\/www.interpeace.org\/fr\/wp-json\/wp\/v2\/media\/6718"}],"wp:attachment":[{"href":"https:\/\/www.interpeace.org\/fr\/wp-json\/wp\/v2\/media?parent=6716"}],"wp:term":[{"taxonomy":"globales","embeddable":true,"href":"https:\/\/www.interpeace.org\/fr\/wp-json\/wp\/v2\/globales?post=6716"},{"taxonomy":"initiatives","embeddable":true,"href":"https:\/\/www.interpeace.org\/fr\/wp-json\/wp\/v2\/initiatives?post=6716"},{"taxonomy":"language","embeddable":true,"href":"https:\/\/www.interpeace.org\/fr\/wp-json\/wp\/v2\/language?post=6716"},{"taxonomy":"programmes","embeddable":true,"href":"https:\/\/www.interpeace.org\/fr\/wp-json\/wp\/v2\/programmes?post=6716"},{"taxonomy":"programme_resources","embeddable":true,"href":"https:\/\/www.interpeace.org\/fr\/wp-json\/wp\/v2\/programme_resources?post=6716"},{"taxonomy":"resource-type","embeddable":true,"href":"https:\/\/www.interpeace.org\/fr\/wp-json\/wp\/v2\/resource-type?post=6716"},{"taxonomy":"resource_theme","embeddable":true,"href":"https:\/\/www.interpeace.org\/fr\/wp-json\/wp\/v2\/resource_theme?post=6716"},{"taxonomy":"videos_vimeo","embeddable":true,"href":"https:\/\/www.interpeace.org\/fr\/wp-json\/wp\/v2\/videos_vimeo?post=6716"},{"taxonomy":"resources_categories","embeddable":true,"href":"https:\/\/www.interpeace.org\/fr\/wp-json\/wp\/v2\/resources_categories?post=6716"}],"curies":[{"name":"wp","href":"https:\/\/api.w.org\/{rel}","templated":true}]}}