{"id":16274,"date":"2024-04-30T20:09:30","date_gmt":"2024-04-30T18:09:30","guid":{"rendered":"https:\/\/www.interpeace.org\/?post_type=resource&#038;p=16274"},"modified":"2024-04-30T20:13:10","modified_gmt":"2024-04-30T18:13:10","slug":"cultivating-unity-and-peace-in-burundi-through-reforestation-initiatives","status":"publish","type":"resource","link":"https:\/\/www.interpeace.org\/fr\/resource\/cultivating-unity-and-peace-in-burundi-through-reforestation-initiatives\/","title":{"rendered":"Cultiver l\u2019unit\u00e9 et la paix au Burundi \u00e0 travers des initiatives de reforestation"},"content":{"rendered":"<p>Au Burundi, les impacts du changement climatique sont g\u00e9n\u00e9ralis\u00e9s. Avec une superficie de moins de 30 000 km\u00b2 et une population de pr\u00e8s de 12 millions d\u2019habitants, l\u2019\u00e9puisement de terres et de ressources naturelles limit\u00e9es est un probl\u00e8me depuis de nombreuses ann\u00e9es et il devient de plus en plus grave. La d\u00e9forestation a rapidement d\u00e9truit de vastes zones \u00e0 travers le Burundi, diminuant une source majeure de bois de chauffage, de bois de construction et de protection contre l'\u00e9rosion des sols. Conscient de l'urgence, le gouvernement a lanc\u00e9 une campagne nationale de reboisement appel\u00e9e \u00ab Ewe Burundi Urambaye \u00bb (Reforestons le Burundi) en 2018. Bien que l'initiative ait r\u00e9ussi \u00e0 planter pr\u00e8s de 45 millions de plants d'arbres au cours de sa premi\u00e8re ann\u00e9e, inverser des d\u00e9cennies de d\u00e9forestation g\u00e9n\u00e9ralis\u00e9e n\u00e9cessite des efforts soutenus et collaboratifs.<\/p>\r\n\r\n\r\n\r\n<p>Dans la commune de Giteranyi, province de Muyinga, les habitants ont pu constater par eux-m\u00eames les effets localis\u00e9s de la d\u00e9gradation de l\u2019environnement. Il ne restait plus que dix collines couvertes d'arbres, laissant la zone rurale vuln\u00e9rable \u00e0 l'\u00e9rosion, aux glissements de terrain et \u00e0 la perte de terres arables. Les s\u00e9ances d\u2019\u00e9tablissement des priorit\u00e9s communautaires par le projet \u00ab Synergy for Peace III \u00bb, qui vise \u00e0 faciliter des initiatives inclusives et collaboratives en mati\u00e8re de moyens de subsistance et de coh\u00e9sion sociale, ont identifi\u00e9 la protection de l'environnement comme une priorit\u00e9 absolue. \u00a0<\/p>\r\n<p><img loading=\"lazy\" decoding=\"async\" class=\"aligncenter wp-image-16276 size-medium\" src=\"https:\/\/www.interpeace.org\/wp-content\/uploads\/2024\/04\/refforestation-600x337.jpg\" alt=\"\" width=\"600\" height=\"337\" srcset=\"https:\/\/www.interpeace.org\/wp-content\/uploads\/2024\/04\/refforestation-600x337.jpg 600w, https:\/\/www.interpeace.org\/wp-content\/uploads\/2024\/04\/refforestation-891x500.jpg 891w, https:\/\/www.interpeace.org\/wp-content\/uploads\/2024\/04\/refforestation-300x168.jpg 300w, https:\/\/www.interpeace.org\/wp-content\/uploads\/2024\/04\/refforestation-768x431.jpg 768w, https:\/\/www.interpeace.org\/wp-content\/uploads\/2024\/04\/refforestation-1536x862.jpg 1536w, https:\/\/www.interpeace.org\/wp-content\/uploads\/2024\/04\/refforestation-2048x1149.jpg 2048w, https:\/\/www.interpeace.org\/wp-content\/uploads\/2024\/04\/refforestation-18x10.jpg 18w, https:\/\/www.interpeace.org\/wp-content\/uploads\/2024\/04\/refforestation-500x281.jpg 500w, https:\/\/www.interpeace.org\/wp-content\/uploads\/2024\/04\/refforestation-scaled.jpg 2560w\" sizes=\"auto, (max-width: 600px) 100vw, 600px\" \/><\/p>\r\n\r\n\r\n\r\n<p>En juillet 2023, le groupe communautaire de Giteranyi, un collectif diversifi\u00e9 de parties prenantes, s'est r\u00e9uni pour avoir un impact significatif. Il a identifi\u00e9 une colline (Shoza) et plant\u00e9 plus de 10 000 plants, t\u00e9moignage de son engagement commun en faveur de la protection de l'environnement. La participation des jeunes et des moins jeunes aux travaux de reboisement a soulign\u00e9 l'unit\u00e9 et la responsabilit\u00e9 partag\u00e9e au sein de la communaut\u00e9. Comme l'a fait remarquer un participant : \u00ab Cette activit\u00e9 profite \u00e0 toute la communaut\u00e9. En prot\u00e9geant cette colline, je prot\u00e8ge les gens qui m'entourent et l'environnement du Burundi \u00bb.<\/p>\r\n\r\n\r\n\r\n<p>Au-del\u00e0 des avantages environnementaux, le reboisement s\u2019est attaqu\u00e9 \u00e0 un facteur de conflit potentiel dans la r\u00e9gion. Sans couvert forestier, les communaut\u00e9s sont vuln\u00e9rables \u00e0 l\u2019\u00e9rosion et aux glissements de terrain. Cela peut d\u00e9clencher des conflits sur la propri\u00e9t\u00e9 fonci\u00e8re et l\u2019acc\u00e8s \u00e0 des ressources naturelles de plus en plus rares, comme le bois de chauffage et la cuisine.<\/p>\r\n<p><img loading=\"lazy\" decoding=\"async\" class=\"aligncenter wp-image-16277 size-medium\" src=\"https:\/\/www.interpeace.org\/wp-content\/uploads\/2024\/04\/refforestation_2-600x337.jpg\" alt=\"\" width=\"600\" height=\"337\" srcset=\"https:\/\/www.interpeace.org\/wp-content\/uploads\/2024\/04\/refforestation_2-600x337.jpg 600w, https:\/\/www.interpeace.org\/wp-content\/uploads\/2024\/04\/refforestation_2-891x500.jpg 891w, https:\/\/www.interpeace.org\/wp-content\/uploads\/2024\/04\/refforestation_2-300x168.jpg 300w, https:\/\/www.interpeace.org\/wp-content\/uploads\/2024\/04\/refforestation_2-768x431.jpg 768w, https:\/\/www.interpeace.org\/wp-content\/uploads\/2024\/04\/refforestation_2-1536x862.jpg 1536w, https:\/\/www.interpeace.org\/wp-content\/uploads\/2024\/04\/refforestation_2-2048x1149.jpg 2048w, https:\/\/www.interpeace.org\/wp-content\/uploads\/2024\/04\/refforestation_2-18x10.jpg 18w, https:\/\/www.interpeace.org\/wp-content\/uploads\/2024\/04\/refforestation_2-500x281.jpg 500w, https:\/\/www.interpeace.org\/wp-content\/uploads\/2024\/04\/refforestation_2-scaled.jpg 2560w\" sizes=\"auto, (max-width: 600px) 100vw, 600px\" \/><\/p>\r\n\r\n\r\n\r\n<p>\"Nous n'avons pas souvent conscience que le changement climatique est un contributeur majeur aux conflits fonciers, c'est pourquoi nous devons soutenir ce projet de reforestation\", a expliqu\u00e9 Floride Nduwayezu, l'administrateur de la commune de Giteranyi, qui a demand\u00e9 aux habitants de prot\u00e9ger les plants.<\/p>\r\n\r\n\r\n\r\n<p>Pour l\u2019administrateur de Giteranyi, autoriser davantage de d\u00e9forestation risque d\u2019aggraver les conflits li\u00e9s aux ressources. \u00ab Si l'environnement n'est pas sauvegard\u00e9 dans la commune de Giteranyi, il y a un grand risque de conflits communautaires majeurs dus \u00e0 la comp\u00e9tition pour les ressources naturelles comme le bois de chauffage, les arbres pour construire des maisons \u00bb, a soulign\u00e9 Floride.<\/p>\r\n\r\n\r\n\r\n<p>La poursuite de la d\u00e9forestation risque d'intensifier les conflits li\u00e9s aux ressources \u00e0 Giteranyi, o\u00f9 les femmes d\u00e9pendent fortement du bois de chauffage pour les t\u00e2ches m\u00e9nag\u00e8res et des arbres pour entretenir leurs champs de culture. Le renouvellement de ces ressources essentielles a motiv\u00e9 la participation communautaire \u00e0 l\u2019effort de reboisement. Les dirigeants locaux et d\u2019autres parties prenantes comme le groupe de dialogue permanent (PDG) de Giteranyi ont d\u00e9fendu la protection des nouveaux arbres de la colline de Shoza.<\/p>\r\n\n\t\t<style type=\"text\/css\">\n\t\t\t#gallery-1 {\n\t\t\t\tmargin: auto;\n\t\t\t}\n\t\t\t#gallery-1 .gallery-item {\n\t\t\t\tfloat: left;\n\t\t\t\tmargin-top: 10px;\n\t\t\t\ttext-align: center;\n\t\t\t\twidth: 50%;\n\t\t\t}\n\t\t\t#gallery-1 img {\n\t\t\t\tborder: 2px solid #cfcfcf;\n\t\t\t}\n\t\t\t#gallery-1 .gallery-caption {\n\t\t\t\tmargin-left: 0;\n\t\t\t}\n\t\t\t\/* see gallery_shortcode() in wp-includes\/media.php *\/\n\t\t<\/style>\n\t\t<div id='gallery-1' class='gallery galleryid-16274 gallery-columns-2 gallery-size-thumbnail'><dl class='gallery-item'>\n\t\t\t<dt class='gallery-icon landscape'>\n\t\t\t\t<a href='https:\/\/www.interpeace.org\/fr\/resource\/cultivating-unity-and-peace-in-burundi-through-reforestation-initiatives\/refforestation_4\/'><img loading=\"lazy\" decoding=\"async\" width=\"300\" height=\"168\" src=\"https:\/\/www.interpeace.org\/wp-content\/uploads\/2024\/04\/refforestation_4-300x168.jpg\" class=\"attachment-thumbnail size-thumbnail\" alt=\"\" srcset=\"https:\/\/www.interpeace.org\/wp-content\/uploads\/2024\/04\/refforestation_4-300x168.jpg 300w, https:\/\/www.interpeace.org\/wp-content\/uploads\/2024\/04\/refforestation_4-600x337.jpg 600w, https:\/\/www.interpeace.org\/wp-content\/uploads\/2024\/04\/refforestation_4-891x500.jpg 891w, https:\/\/www.interpeace.org\/wp-content\/uploads\/2024\/04\/refforestation_4-768x431.jpg 768w, https:\/\/www.interpeace.org\/wp-content\/uploads\/2024\/04\/refforestation_4-1536x862.jpg 1536w, https:\/\/www.interpeace.org\/wp-content\/uploads\/2024\/04\/refforestation_4-2048x1149.jpg 2048w, https:\/\/www.interpeace.org\/wp-content\/uploads\/2024\/04\/refforestation_4-18x10.jpg 18w, https:\/\/www.interpeace.org\/wp-content\/uploads\/2024\/04\/refforestation_4-500x281.jpg 500w, https:\/\/www.interpeace.org\/wp-content\/uploads\/2024\/04\/refforestation_4-scaled.jpg 2560w\" sizes=\"auto, (max-width: 300px) 100vw, 300px\" \/><\/a>\n\t\t\t<\/dt><\/dl><dl class='gallery-item'>\n\t\t\t<dt class='gallery-icon landscape'>\n\t\t\t\t<a href='https:\/\/www.interpeace.org\/fr\/resource\/cultivating-unity-and-peace-in-burundi-through-reforestation-initiatives\/refforestation_7\/'><img loading=\"lazy\" decoding=\"async\" width=\"300\" height=\"172\" src=\"https:\/\/www.interpeace.org\/wp-content\/uploads\/2024\/04\/refforestation_7-300x172.jpg\" class=\"attachment-thumbnail size-thumbnail\" alt=\"\" srcset=\"https:\/\/www.interpeace.org\/wp-content\/uploads\/2024\/04\/refforestation_7-300x172.jpg 300w, https:\/\/www.interpeace.org\/wp-content\/uploads\/2024\/04\/refforestation_7-600x343.jpg 600w, https:\/\/www.interpeace.org\/wp-content\/uploads\/2024\/04\/refforestation_7-874x500.jpg 874w, https:\/\/www.interpeace.org\/wp-content\/uploads\/2024\/04\/refforestation_7-768x440.jpg 768w, https:\/\/www.interpeace.org\/wp-content\/uploads\/2024\/04\/refforestation_7-1536x879.jpg 1536w, https:\/\/www.interpeace.org\/wp-content\/uploads\/2024\/04\/refforestation_7-2048x1172.jpg 2048w, https:\/\/www.interpeace.org\/wp-content\/uploads\/2024\/04\/refforestation_7-18x10.jpg 18w, https:\/\/www.interpeace.org\/wp-content\/uploads\/2024\/04\/refforestation_7-500x286.jpg 500w, https:\/\/www.interpeace.org\/wp-content\/uploads\/2024\/04\/refforestation_7-scaled.jpg 2560w\" sizes=\"auto, (max-width: 300px) 100vw, 300px\" \/><\/a>\n\t\t\t<\/dt><\/dl><br style=\"clear: both\" \/>\n\t\t<\/div>\n\r\n\r\n\r\n\r\n<p>Le reboisement de la colline Shoza constitue un exemple \u00e0 suivre pour les autres communaut\u00e9s burundaises. En prenant des mesures collectives pour r\u00e9soudre les probl\u00e8mes environnementaux, ils peuvent renforcer la coh\u00e9sion sociale tout en r\u00e9duisant les facteurs de conflit potentiel autour de ressources naturelles rares.<\/p>\r\n<p>&nbsp;<\/p>\r\n\r\n\r\n\r\n<p><img loading=\"lazy\" decoding=\"async\" class=\"aligncenter wp-image-16280 size-medium\" src=\"https:\/\/www.interpeace.org\/wp-content\/uploads\/2024\/04\/refforestation_8-600x337.jpg\" alt=\"\" width=\"600\" height=\"337\" srcset=\"https:\/\/www.interpeace.org\/wp-content\/uploads\/2024\/04\/refforestation_8-600x337.jpg 600w, https:\/\/www.interpeace.org\/wp-content\/uploads\/2024\/04\/refforestation_8-891x500.jpg 891w, https:\/\/www.interpeace.org\/wp-content\/uploads\/2024\/04\/refforestation_8-300x168.jpg 300w, https:\/\/www.interpeace.org\/wp-content\/uploads\/2024\/04\/refforestation_8-768x431.jpg 768w, https:\/\/www.interpeace.org\/wp-content\/uploads\/2024\/04\/refforestation_8-1536x862.jpg 1536w, https:\/\/www.interpeace.org\/wp-content\/uploads\/2024\/04\/refforestation_8-2048x1149.jpg 2048w, https:\/\/www.interpeace.org\/wp-content\/uploads\/2024\/04\/refforestation_8-18x10.jpg 18w, https:\/\/www.interpeace.org\/wp-content\/uploads\/2024\/04\/refforestation_8-500x281.jpg 500w, https:\/\/www.interpeace.org\/wp-content\/uploads\/2024\/04\/refforestation_8-scaled.jpg 2560w\" sizes=\"auto, (max-width: 600px) 100vw, 600px\" \/><\/p>\r\n<p><em>Apprenez-en davantage sur l\u2019approche holistique d\u2019Interpeace pour construire une paix durable. <a href=\"https:\/\/www.interpeace.org\/fr\/resource\/livelihoods-for-peace\/\">Cliquez ici<\/a> pour acc\u00e9der \u00e0 notre article \u00ab Livelihoods for Peace \u00bb, qui explore comment un acc\u00e8s \u00e9quitable aux opportunit\u00e9s de subsistance, la coh\u00e9sion sociale et le d\u00e9veloppement inclusif sont essentiels pour une paix durable dans des communaut\u00e9s comme celle pr\u00e9sent\u00e9e dans cette histoire.<\/em><\/p>\r\n\r\n\r\n\r\n<p>&nbsp;<\/p>\r\n\r\n\r\n\r\n<p>&nbsp;<\/p>","protected":false},"featured_media":16275,"template":"","meta":{"_acf_changed":false,"_editorskit_title_hidden":false,"_editorskit_reading_time":0,"_editorskit_is_block_options_detached":false,"_editorskit_block_options_position":"{}","editor_plus_copied_stylings":"{}","_exactmetrics_skip_tracking":false,"_exactmetrics_sitenote_active":false,"_exactmetrics_sitenote_note":"","_exactmetrics_sitenote_category":0,"_links_to":"","_links_to_target":""},"globales":[],"initiatives":[],"language":[65],"programmes":[73],"programme_resources":[],"resource-type":[],"resource_theme":[514],"videos_vimeo":[],"resources_categories":[495],"class_list":["post-16274","resource","type-resource","status-publish","has-post-thumbnail","hentry","language-english","programmes-burundi","resource_theme-civil-society","resources_categories-impact-stories"],"acf":[],"yoast_head":"<!-- This site is optimized with the Yoast SEO Premium plugin v27.4 (Yoast SEO v27.4) - https:\/\/yoast.com\/product\/yoast-seo-premium-wordpress\/ -->\n<title>Cultivating unity and peace in Burundi through reforestation initiatives - Interpeace<\/title>\n<meta name=\"robots\" content=\"index, follow, max-snippet:-1, max-image-preview:large, max-video-preview:-1\" \/>\n<link rel=\"canonical\" href=\"https:\/\/www.interpeace.org\/fr\/resource\/cultivating-unity-and-peace-in-burundi-through-reforestation-initiatives\/\" \/>\n<meta property=\"og:locale\" content=\"fr_FR\" \/>\n<meta property=\"og:type\" content=\"article\" \/>\n<meta property=\"og:title\" content=\"Cultivating unity and peace in Burundi through reforestation initiatives\" \/>\n<meta property=\"og:description\" content=\"In Burundi, the impacts of climate change have been widespread. With a surface area of less than 30,000 km\u00b2 and a population of nearly 12 million, the depletion of limited land and natural resources has been an issue for many years, and it is becoming increasingly more.\u00a0 Deforestation has rapidly cleared large areas across Burundi, [&hellip;]\" \/>\n<meta property=\"og:url\" content=\"https:\/\/www.interpeace.org\/fr\/resource\/cultivating-unity-and-peace-in-burundi-through-reforestation-initiatives\/\" \/>\n<meta property=\"og:site_name\" content=\"Interpeace\" \/>\n<meta property=\"article:publisher\" content=\"https:\/\/www.facebook.com\/Interpeace\" \/>\n<meta property=\"article:modified_time\" content=\"2024-04-30T18:13:10+00:00\" \/>\n<meta property=\"og:image\" content=\"https:\/\/www.interpeace.org\/wp-content\/uploads\/2024\/04\/refforestation_9-scaled.jpg\" \/>\n\t<meta property=\"og:image:width\" content=\"2560\" \/>\n\t<meta property=\"og:image:height\" content=\"1437\" \/>\n\t<meta property=\"og:image:type\" content=\"image\/jpeg\" \/>\n<meta name=\"twitter:card\" content=\"summary_large_image\" \/>\n<meta name=\"twitter:site\" content=\"@InterpeaceTweet\" \/>\n<meta name=\"twitter:label1\" content=\"Dur\u00e9e de lecture estim\u00e9e\" \/>\n\t<meta name=\"twitter:data1\" content=\"4 minutes\" \/>\n<script type=\"application\/ld+json\" class=\"yoast-schema-graph\">{\"@context\":\"https:\\\/\\\/schema.org\",\"@graph\":[{\"@type\":\"WebPage\",\"@id\":\"https:\\\/\\\/www.interpeace.org\\\/resource\\\/cultivating-unity-and-peace-in-burundi-through-reforestation-initiatives\\\/\",\"url\":\"https:\\\/\\\/www.interpeace.org\\\/resource\\\/cultivating-unity-and-peace-in-burundi-through-reforestation-initiatives\\\/\",\"name\":\"Cultivating unity and peace in Burundi through reforestation initiatives - Interpeace\",\"isPartOf\":{\"@id\":\"https:\\\/\\\/www.interpeace.org\\\/#website\"},\"primaryImageOfPage\":{\"@id\":\"https:\\\/\\\/www.interpeace.org\\\/resource\\\/cultivating-unity-and-peace-in-burundi-through-reforestation-initiatives\\\/#primaryimage\"},\"image\":{\"@id\":\"https:\\\/\\\/www.interpeace.org\\\/resource\\\/cultivating-unity-and-peace-in-burundi-through-reforestation-initiatives\\\/#primaryimage\"},\"thumbnailUrl\":\"https:\\\/\\\/www.interpeace.org\\\/wp-content\\\/uploads\\\/2024\\\/04\\\/refforestation_9-scaled.jpg\",\"datePublished\":\"2024-04-30T18:09:30+00:00\",\"dateModified\":\"2024-04-30T18:13:10+00:00\",\"breadcrumb\":{\"@id\":\"https:\\\/\\\/www.interpeace.org\\\/resource\\\/cultivating-unity-and-peace-in-burundi-through-reforestation-initiatives\\\/#breadcrumb\"},\"inLanguage\":\"fr-FR\",\"potentialAction\":[{\"@type\":\"ReadAction\",\"target\":[\"https:\\\/\\\/www.interpeace.org\\\/resource\\\/cultivating-unity-and-peace-in-burundi-through-reforestation-initiatives\\\/\"]}]},{\"@type\":\"ImageObject\",\"inLanguage\":\"fr-FR\",\"@id\":\"https:\\\/\\\/www.interpeace.org\\\/resource\\\/cultivating-unity-and-peace-in-burundi-through-reforestation-initiatives\\\/#primaryimage\",\"url\":\"https:\\\/\\\/www.interpeace.org\\\/wp-content\\\/uploads\\\/2024\\\/04\\\/refforestation_9-scaled.jpg\",\"contentUrl\":\"https:\\\/\\\/www.interpeace.org\\\/wp-content\\\/uploads\\\/2024\\\/04\\\/refforestation_9-scaled.jpg\",\"width\":2560,\"height\":1437},{\"@type\":\"BreadcrumbList\",\"@id\":\"https:\\\/\\\/www.interpeace.org\\\/resource\\\/cultivating-unity-and-peace-in-burundi-through-reforestation-initiatives\\\/#breadcrumb\",\"itemListElement\":[{\"@type\":\"ListItem\",\"position\":1,\"name\":\"Home\",\"item\":\"https:\\\/\\\/www.interpeace.org\\\/\"},{\"@type\":\"ListItem\",\"position\":2,\"name\":\"Cultivating unity and peace in Burundi through reforestation initiatives\"}]},{\"@type\":\"WebSite\",\"@id\":\"https:\\\/\\\/www.interpeace.org\\\/#website\",\"url\":\"https:\\\/\\\/www.interpeace.org\\\/\",\"name\":\"Interpeace\",\"description\":\"Enabling people to build lasting peace since 1994\",\"publisher\":{\"@id\":\"https:\\\/\\\/www.interpeace.org\\\/#organization\"},\"potentialAction\":[{\"@type\":\"SearchAction\",\"target\":{\"@type\":\"EntryPoint\",\"urlTemplate\":\"https:\\\/\\\/www.interpeace.org\\\/?s={search_term_string}\"},\"query-input\":{\"@type\":\"PropertyValueSpecification\",\"valueRequired\":true,\"valueName\":\"search_term_string\"}}],\"inLanguage\":\"fr-FR\"},{\"@type\":\"Organization\",\"@id\":\"https:\\\/\\\/www.interpeace.org\\\/#organization\",\"name\":\"INTERPEACE\",\"url\":\"https:\\\/\\\/www.interpeace.org\\\/\",\"logo\":{\"@type\":\"ImageObject\",\"inLanguage\":\"fr-FR\",\"@id\":\"https:\\\/\\\/www.interpeace.org\\\/#\\\/schema\\\/logo\\\/image\\\/\",\"url\":\"https:\\\/\\\/www.interpeace.org\\\/wp-content\\\/uploads\\\/2019\\\/11\\\/EN-Interpeace-small.png\",\"contentUrl\":\"https:\\\/\\\/www.interpeace.org\\\/wp-content\\\/uploads\\\/2019\\\/11\\\/EN-Interpeace-small.png\",\"width\":111,\"height\":85,\"caption\":\"INTERPEACE\"},\"image\":{\"@id\":\"https:\\\/\\\/www.interpeace.org\\\/#\\\/schema\\\/logo\\\/image\\\/\"},\"sameAs\":[\"https:\\\/\\\/www.facebook.com\\\/Interpeace\",\"https:\\\/\\\/x.com\\\/InterpeaceTweet\",\"https:\\\/\\\/www.instagram.com\\\/interpeace\\\/\"]}]}<\/script>\n<!-- \/ Yoast SEO Premium plugin. -->","yoast_head_json":{"title":"Cultivating unity and peace in Burundi through reforestation initiatives - Interpeace","robots":{"index":"index","follow":"follow","max-snippet":"max-snippet:-1","max-image-preview":"max-image-preview:large","max-video-preview":"max-video-preview:-1"},"canonical":"https:\/\/www.interpeace.org\/fr\/resource\/cultivating-unity-and-peace-in-burundi-through-reforestation-initiatives\/","og_locale":"fr_FR","og_type":"article","og_title":"Cultivating unity and peace in Burundi through reforestation initiatives","og_description":"In Burundi, the impacts of climate change have been widespread. With a surface area of less than 30,000 km\u00b2 and a population of nearly 12 million, the depletion of limited land and natural resources has been an issue for many years, and it is becoming increasingly more.\u00a0 Deforestation has rapidly cleared large areas across Burundi, [&hellip;]","og_url":"https:\/\/www.interpeace.org\/fr\/resource\/cultivating-unity-and-peace-in-burundi-through-reforestation-initiatives\/","og_site_name":"Interpeace","article_publisher":"https:\/\/www.facebook.com\/Interpeace","article_modified_time":"2024-04-30T18:13:10+00:00","og_image":[{"width":2560,"height":1437,"url":"https:\/\/www.interpeace.org\/wp-content\/uploads\/2024\/04\/refforestation_9-scaled.jpg","type":"image\/jpeg"}],"twitter_card":"summary_large_image","twitter_site":"@InterpeaceTweet","twitter_misc":{"Dur\u00e9e de lecture estim\u00e9e":"4 minutes"},"schema":{"@context":"https:\/\/schema.org","@graph":[{"@type":"WebPage","@id":"https:\/\/www.interpeace.org\/resource\/cultivating-unity-and-peace-in-burundi-through-reforestation-initiatives\/","url":"https:\/\/www.interpeace.org\/resource\/cultivating-unity-and-peace-in-burundi-through-reforestation-initiatives\/","name":"Cultivating unity and peace in Burundi through reforestation initiatives - Interpeace","isPartOf":{"@id":"https:\/\/www.interpeace.org\/#website"},"primaryImageOfPage":{"@id":"https:\/\/www.interpeace.org\/resource\/cultivating-unity-and-peace-in-burundi-through-reforestation-initiatives\/#primaryimage"},"image":{"@id":"https:\/\/www.interpeace.org\/resource\/cultivating-unity-and-peace-in-burundi-through-reforestation-initiatives\/#primaryimage"},"thumbnailUrl":"https:\/\/www.interpeace.org\/wp-content\/uploads\/2024\/04\/refforestation_9-scaled.jpg","datePublished":"2024-04-30T18:09:30+00:00","dateModified":"2024-04-30T18:13:10+00:00","breadcrumb":{"@id":"https:\/\/www.interpeace.org\/resource\/cultivating-unity-and-peace-in-burundi-through-reforestation-initiatives\/#breadcrumb"},"inLanguage":"fr-FR","potentialAction":[{"@type":"ReadAction","target":["https:\/\/www.interpeace.org\/resource\/cultivating-unity-and-peace-in-burundi-through-reforestation-initiatives\/"]}]},{"@type":"ImageObject","inLanguage":"fr-FR","@id":"https:\/\/www.interpeace.org\/resource\/cultivating-unity-and-peace-in-burundi-through-reforestation-initiatives\/#primaryimage","url":"https:\/\/www.interpeace.org\/wp-content\/uploads\/2024\/04\/refforestation_9-scaled.jpg","contentUrl":"https:\/\/www.interpeace.org\/wp-content\/uploads\/2024\/04\/refforestation_9-scaled.jpg","width":2560,"height":1437},{"@type":"BreadcrumbList","@id":"https:\/\/www.interpeace.org\/resource\/cultivating-unity-and-peace-in-burundi-through-reforestation-initiatives\/#breadcrumb","itemListElement":[{"@type":"ListItem","position":1,"name":"Home","item":"https:\/\/www.interpeace.org\/"},{"@type":"ListItem","position":2,"name":"Cultivating unity and peace in Burundi through reforestation initiatives"}]},{"@type":"WebSite","@id":"https:\/\/www.interpeace.org\/#website","url":"https:\/\/www.interpeace.org\/","name":"Interpeace","description":"Permettre aux gens de construire une paix durable depuis 1994","publisher":{"@id":"https:\/\/www.interpeace.org\/#organization"},"potentialAction":[{"@type":"SearchAction","target":{"@type":"EntryPoint","urlTemplate":"https:\/\/www.interpeace.org\/?s={search_term_string}"},"query-input":{"@type":"PropertyValueSpecification","valueRequired":true,"valueName":"search_term_string"}}],"inLanguage":"fr-FR"},{"@type":"Organization","@id":"https:\/\/www.interpeace.org\/#organization","name":"INTERPEACE","url":"https:\/\/www.interpeace.org\/","logo":{"@type":"ImageObject","inLanguage":"fr-FR","@id":"https:\/\/www.interpeace.org\/#\/schema\/logo\/image\/","url":"https:\/\/www.interpeace.org\/wp-content\/uploads\/2019\/11\/EN-Interpeace-small.png","contentUrl":"https:\/\/www.interpeace.org\/wp-content\/uploads\/2019\/11\/EN-Interpeace-small.png","width":111,"height":85,"caption":"INTERPEACE"},"image":{"@id":"https:\/\/www.interpeace.org\/#\/schema\/logo\/image\/"},"sameAs":["https:\/\/www.facebook.com\/Interpeace","https:\/\/x.com\/InterpeaceTweet","https:\/\/www.instagram.com\/interpeace\/"]}]}},"_links":{"self":[{"href":"https:\/\/www.interpeace.org\/fr\/wp-json\/wp\/v2\/resource\/16274","targetHints":{"allow":["GET"]}}],"collection":[{"href":"https:\/\/www.interpeace.org\/fr\/wp-json\/wp\/v2\/resource"}],"about":[{"href":"https:\/\/www.interpeace.org\/fr\/wp-json\/wp\/v2\/types\/resource"}],"wp:featuredmedia":[{"embeddable":true,"href":"https:\/\/www.interpeace.org\/fr\/wp-json\/wp\/v2\/media\/16275"}],"wp:attachment":[{"href":"https:\/\/www.interpeace.org\/fr\/wp-json\/wp\/v2\/media?parent=16274"}],"wp:term":[{"taxonomy":"globales","embeddable":true,"href":"https:\/\/www.interpeace.org\/fr\/wp-json\/wp\/v2\/globales?post=16274"},{"taxonomy":"initiatives","embeddable":true,"href":"https:\/\/www.interpeace.org\/fr\/wp-json\/wp\/v2\/initiatives?post=16274"},{"taxonomy":"language","embeddable":true,"href":"https:\/\/www.interpeace.org\/fr\/wp-json\/wp\/v2\/language?post=16274"},{"taxonomy":"programmes","embeddable":true,"href":"https:\/\/www.interpeace.org\/fr\/wp-json\/wp\/v2\/programmes?post=16274"},{"taxonomy":"programme_resources","embeddable":true,"href":"https:\/\/www.interpeace.org\/fr\/wp-json\/wp\/v2\/programme_resources?post=16274"},{"taxonomy":"resource-type","embeddable":true,"href":"https:\/\/www.interpeace.org\/fr\/wp-json\/wp\/v2\/resource-type?post=16274"},{"taxonomy":"resource_theme","embeddable":true,"href":"https:\/\/www.interpeace.org\/fr\/wp-json\/wp\/v2\/resource_theme?post=16274"},{"taxonomy":"videos_vimeo","embeddable":true,"href":"https:\/\/www.interpeace.org\/fr\/wp-json\/wp\/v2\/videos_vimeo?post=16274"},{"taxonomy":"resources_categories","embeddable":true,"href":"https:\/\/www.interpeace.org\/fr\/wp-json\/wp\/v2\/resources_categories?post=16274"}],"curies":[{"name":"wp","href":"https:\/\/api.w.org\/{rel}","templated":true}]}}