{"id":15589,"date":"2023-12-15T18:13:06","date_gmt":"2023-12-15T17:13:06","guid":{"rendered":"https:\/\/www.interpeace.org\/?post_type=resource&#038;p=15589"},"modified":"2024-02-06T00:49:09","modified_gmt":"2024-02-05T23:49:09","slug":"rapport-danalyse-sur-les-determinants-cles-et-leviers-de-prevention-de-la-violence-politique-en-cote-divoire","status":"publish","type":"resource","link":"https:\/\/www.interpeace.org\/fr\/resource\/rapport-danalyse-sur-les-determinants-cles-et-leviers-de-prevention-de-la-violence-politique-en-cote-divoire\/","title":{"rendered":"Rapport d\u2019analyse sur les d\u00e9terminants cl\u00e9s et leviers de pr\u00e9vention de la violence politique en C\u00f4te d\u2019Ivoire"},"content":{"rendered":"<p>La vuln\u00e9rabilit\u00e9 locale d\u2019un contexte \u00e0 la violence politique est statistiquement associ\u00e9e \u00e0 l\u2019absence de coh\u00e9sion sociale : lorsque les relations intergroupes sont peu apais\u00e9es (coh\u00e9sion horizontale) et les relations entre les citoyens et leurs institutions sont endommag\u00e9es (coh\u00e9sion verticale), il est davantage probable d\u2019y voir \u00e9merger des sc\u00e8nes d\u2019affrontements \u00a0\u00a0lors des p\u00e9riodes \u00e9lectorales. La fragilisation de la coh\u00e9sion sociale prend diff\u00e9rentes formes et renvoie \u00e0 une s\u00e9rie de signaux interd\u00e9pendants.<\/p>\n<p>Les r\u00e9sultats du processus de recherche-action participative (RAP) et de l\u2019\u00e9tude SCORE se r\u00e9sument dans les messages cl\u00e9s suivants<\/p>","protected":false},"featured_media":15590,"template":"","meta":{"_acf_changed":false,"_editorskit_title_hidden":false,"_editorskit_reading_time":0,"_editorskit_is_block_options_detached":false,"_editorskit_block_options_position":"{}","editor_plus_copied_stylings":"{}","_exactmetrics_skip_tracking":false,"_exactmetrics_sitenote_active":false,"_exactmetrics_sitenote_note":"","_exactmetrics_sitenote_category":0,"_links_to":"","_links_to_target":""},"globales":[],"initiatives":[872,814],"language":[66],"programmes":[67,69],"programme_resources":[],"resource-type":[],"resource_theme":[],"videos_vimeo":[],"resources_categories":[],"class_list":["post-15589","resource","type-resource","status-publish","has-post-thumbnail","hentry","initiatives-prevention-of-political-violence-2","initiatives-prevention-of-political-violence","language-french","programmes-west-africa","programmes-cote-divoire"],"acf":[],"yoast_head":"<!-- This site is optimized with the Yoast SEO Premium plugin v27.4 (Yoast SEO v27.4) - https:\/\/yoast.com\/product\/yoast-seo-premium-wordpress\/ -->\n<title>Rapport d\u2019analyse sur les d\u00e9terminants cl\u00e9s et leviers de pr\u00e9vention de la violence politique en C\u00f4te d\u2019Ivoire - Interpeace<\/title>\n<meta name=\"robots\" content=\"index, follow, max-snippet:-1, max-image-preview:large, max-video-preview:-1\" \/>\n<link rel=\"canonical\" href=\"https:\/\/www.interpeace.org\/fr\/resource\/rapport-danalyse-sur-les-determinants-cles-et-leviers-de-prevention-de-la-violence-politique-en-cote-divoire\/\" \/>\n<meta property=\"og:locale\" content=\"fr_FR\" \/>\n<meta property=\"og:type\" content=\"article\" \/>\n<meta property=\"og:title\" content=\"Rapport d\u2019analyse sur les d\u00e9terminants cl\u00e9s et leviers de pr\u00e9vention de la violence politique en C\u00f4te d\u2019Ivoire\" \/>\n<meta property=\"og:description\" content=\"La vuln\u00e9rabilit\u00e9 locale d\u2019un contexte \u00e0 la violence politique est statistiquement associ\u00e9e \u00e0 l\u2019absence de coh\u00e9sion sociale : lorsque les relations intergroupes sont peu apais\u00e9es (coh\u00e9sion horizontale) et les relations entre les citoyens et leurs institutions sont endommag\u00e9es (coh\u00e9sion verticale), il est davantage probable d\u2019y voir \u00e9merger des sc\u00e8nes d\u2019affrontements \u00a0\u00a0lors des p\u00e9riodes \u00e9lectorales. La [&hellip;]\" \/>\n<meta property=\"og:url\" content=\"https:\/\/www.interpeace.org\/fr\/resource\/rapport-danalyse-sur-les-determinants-cles-et-leviers-de-prevention-de-la-violence-politique-en-cote-divoire\/\" \/>\n<meta property=\"og:site_name\" content=\"Interpeace\" \/>\n<meta property=\"article:publisher\" content=\"https:\/\/www.facebook.com\/Interpeace\" \/>\n<meta property=\"article:modified_time\" content=\"2024-02-05T23:49:09+00:00\" \/>\n<meta property=\"og:image\" content=\"https:\/\/www.interpeace.org\/wp-content\/uploads\/2024\/01\/SCORE-RAP-PREDIA-feature-898x500.png\" \/>\n\t<meta property=\"og:image:width\" content=\"898\" \/>\n\t<meta property=\"og:image:height\" content=\"500\" \/>\n\t<meta property=\"og:image:type\" content=\"image\/png\" \/>\n<meta name=\"twitter:card\" content=\"summary_large_image\" \/>\n<meta name=\"twitter:site\" content=\"@InterpeaceTweet\" \/>\n<meta name=\"twitter:label1\" content=\"Dur\u00e9e de lecture estim\u00e9e\" \/>\n\t<meta name=\"twitter:data1\" content=\"1 minute\" \/>\n<script type=\"application\/ld+json\" class=\"yoast-schema-graph\">{\"@context\":\"https:\\\/\\\/schema.org\",\"@graph\":[{\"@type\":\"WebPage\",\"@id\":\"https:\\\/\\\/www.interpeace.org\\\/fr\\\/resource\\\/rapport-danalyse-sur-les-determinants-cles-et-leviers-de-prevention-de-la-violence-politique-en-cote-divoire\\\/\",\"url\":\"https:\\\/\\\/www.interpeace.org\\\/fr\\\/resource\\\/rapport-danalyse-sur-les-determinants-cles-et-leviers-de-prevention-de-la-violence-politique-en-cote-divoire\\\/\",\"name\":\"Rapport d\u2019analyse sur les d\u00e9terminants cl\u00e9s et leviers de pr\u00e9vention de la violence politique en C\u00f4te d\u2019Ivoire - Interpeace\",\"isPartOf\":{\"@id\":\"https:\\\/\\\/www.interpeace.org\\\/#website\"},\"primaryImageOfPage\":{\"@id\":\"https:\\\/\\\/www.interpeace.org\\\/fr\\\/resource\\\/rapport-danalyse-sur-les-determinants-cles-et-leviers-de-prevention-de-la-violence-politique-en-cote-divoire\\\/#primaryimage\"},\"image\":{\"@id\":\"https:\\\/\\\/www.interpeace.org\\\/fr\\\/resource\\\/rapport-danalyse-sur-les-determinants-cles-et-leviers-de-prevention-de-la-violence-politique-en-cote-divoire\\\/#primaryimage\"},\"thumbnailUrl\":\"https:\\\/\\\/www.interpeace.org\\\/wp-content\\\/uploads\\\/2024\\\/01\\\/SCORE-RAP-PREDIA-feature.png\",\"datePublished\":\"2023-12-15T17:13:06+00:00\",\"dateModified\":\"2024-02-05T23:49:09+00:00\",\"breadcrumb\":{\"@id\":\"https:\\\/\\\/www.interpeace.org\\\/fr\\\/resource\\\/rapport-danalyse-sur-les-determinants-cles-et-leviers-de-prevention-de-la-violence-politique-en-cote-divoire\\\/#breadcrumb\"},\"inLanguage\":\"fr-FR\",\"potentialAction\":[{\"@type\":\"ReadAction\",\"target\":[\"https:\\\/\\\/www.interpeace.org\\\/fr\\\/resource\\\/rapport-danalyse-sur-les-determinants-cles-et-leviers-de-prevention-de-la-violence-politique-en-cote-divoire\\\/\"]}]},{\"@type\":\"ImageObject\",\"inLanguage\":\"fr-FR\",\"@id\":\"https:\\\/\\\/www.interpeace.org\\\/fr\\\/resource\\\/rapport-danalyse-sur-les-determinants-cles-et-leviers-de-prevention-de-la-violence-politique-en-cote-divoire\\\/#primaryimage\",\"url\":\"https:\\\/\\\/www.interpeace.org\\\/wp-content\\\/uploads\\\/2024\\\/01\\\/SCORE-RAP-PREDIA-feature.png\",\"contentUrl\":\"https:\\\/\\\/www.interpeace.org\\\/wp-content\\\/uploads\\\/2024\\\/01\\\/SCORE-RAP-PREDIA-feature.png\",\"width\":1764,\"height\":982},{\"@type\":\"BreadcrumbList\",\"@id\":\"https:\\\/\\\/www.interpeace.org\\\/fr\\\/resource\\\/rapport-danalyse-sur-les-determinants-cles-et-leviers-de-prevention-de-la-violence-politique-en-cote-divoire\\\/#breadcrumb\",\"itemListElement\":[{\"@type\":\"ListItem\",\"position\":1,\"name\":\"Home\",\"item\":\"https:\\\/\\\/www.interpeace.org\\\/\"},{\"@type\":\"ListItem\",\"position\":2,\"name\":\"Rapport d\u2019analyse sur les d\u00e9terminants cl\u00e9s et leviers de pr\u00e9vention de la violence politique en C\u00f4te d\u2019Ivoire\"}]},{\"@type\":\"WebSite\",\"@id\":\"https:\\\/\\\/www.interpeace.org\\\/#website\",\"url\":\"https:\\\/\\\/www.interpeace.org\\\/\",\"name\":\"Interpeace\",\"description\":\"Enabling people to build lasting peace since 1994\",\"publisher\":{\"@id\":\"https:\\\/\\\/www.interpeace.org\\\/#organization\"},\"potentialAction\":[{\"@type\":\"SearchAction\",\"target\":{\"@type\":\"EntryPoint\",\"urlTemplate\":\"https:\\\/\\\/www.interpeace.org\\\/?s={search_term_string}\"},\"query-input\":{\"@type\":\"PropertyValueSpecification\",\"valueRequired\":true,\"valueName\":\"search_term_string\"}}],\"inLanguage\":\"fr-FR\"},{\"@type\":\"Organization\",\"@id\":\"https:\\\/\\\/www.interpeace.org\\\/#organization\",\"name\":\"INTERPEACE\",\"url\":\"https:\\\/\\\/www.interpeace.org\\\/\",\"logo\":{\"@type\":\"ImageObject\",\"inLanguage\":\"fr-FR\",\"@id\":\"https:\\\/\\\/www.interpeace.org\\\/#\\\/schema\\\/logo\\\/image\\\/\",\"url\":\"https:\\\/\\\/www.interpeace.org\\\/wp-content\\\/uploads\\\/2019\\\/11\\\/EN-Interpeace-small.png\",\"contentUrl\":\"https:\\\/\\\/www.interpeace.org\\\/wp-content\\\/uploads\\\/2019\\\/11\\\/EN-Interpeace-small.png\",\"width\":111,\"height\":85,\"caption\":\"INTERPEACE\"},\"image\":{\"@id\":\"https:\\\/\\\/www.interpeace.org\\\/#\\\/schema\\\/logo\\\/image\\\/\"},\"sameAs\":[\"https:\\\/\\\/www.facebook.com\\\/Interpeace\",\"https:\\\/\\\/x.com\\\/InterpeaceTweet\",\"https:\\\/\\\/www.instagram.com\\\/interpeace\\\/\"]}]}<\/script>\n<!-- \/ Yoast SEO Premium plugin. -->","yoast_head_json":{"title":"Rapport d\u2019analyse sur les d\u00e9terminants cl\u00e9s et leviers de pr\u00e9vention de la violence politique en C\u00f4te d\u2019Ivoire - Interpeace","robots":{"index":"index","follow":"follow","max-snippet":"max-snippet:-1","max-image-preview":"max-image-preview:large","max-video-preview":"max-video-preview:-1"},"canonical":"https:\/\/www.interpeace.org\/fr\/resource\/rapport-danalyse-sur-les-determinants-cles-et-leviers-de-prevention-de-la-violence-politique-en-cote-divoire\/","og_locale":"fr_FR","og_type":"article","og_title":"Rapport d\u2019analyse sur les d\u00e9terminants cl\u00e9s et leviers de pr\u00e9vention de la violence politique en C\u00f4te d\u2019Ivoire","og_description":"La vuln\u00e9rabilit\u00e9 locale d\u2019un contexte \u00e0 la violence politique est statistiquement associ\u00e9e \u00e0 l\u2019absence de coh\u00e9sion sociale : lorsque les relations intergroupes sont peu apais\u00e9es (coh\u00e9sion horizontale) et les relations entre les citoyens et leurs institutions sont endommag\u00e9es (coh\u00e9sion verticale), il est davantage probable d\u2019y voir \u00e9merger des sc\u00e8nes d\u2019affrontements \u00a0\u00a0lors des p\u00e9riodes \u00e9lectorales. La [&hellip;]","og_url":"https:\/\/www.interpeace.org\/fr\/resource\/rapport-danalyse-sur-les-determinants-cles-et-leviers-de-prevention-de-la-violence-politique-en-cote-divoire\/","og_site_name":"Interpeace","article_publisher":"https:\/\/www.facebook.com\/Interpeace","article_modified_time":"2024-02-05T23:49:09+00:00","og_image":[{"width":898,"height":500,"url":"https:\/\/www.interpeace.org\/wp-content\/uploads\/2024\/01\/SCORE-RAP-PREDIA-feature-898x500.png","type":"image\/png"}],"twitter_card":"summary_large_image","twitter_site":"@InterpeaceTweet","twitter_misc":{"Dur\u00e9e de lecture estim\u00e9e":"1 minute"},"schema":{"@context":"https:\/\/schema.org","@graph":[{"@type":"WebPage","@id":"https:\/\/www.interpeace.org\/fr\/resource\/rapport-danalyse-sur-les-determinants-cles-et-leviers-de-prevention-de-la-violence-politique-en-cote-divoire\/","url":"https:\/\/www.interpeace.org\/fr\/resource\/rapport-danalyse-sur-les-determinants-cles-et-leviers-de-prevention-de-la-violence-politique-en-cote-divoire\/","name":"Rapport d\u2019analyse sur les d\u00e9terminants cl\u00e9s et leviers de pr\u00e9vention de la violence politique en C\u00f4te d\u2019Ivoire - Interpeace","isPartOf":{"@id":"https:\/\/www.interpeace.org\/#website"},"primaryImageOfPage":{"@id":"https:\/\/www.interpeace.org\/fr\/resource\/rapport-danalyse-sur-les-determinants-cles-et-leviers-de-prevention-de-la-violence-politique-en-cote-divoire\/#primaryimage"},"image":{"@id":"https:\/\/www.interpeace.org\/fr\/resource\/rapport-danalyse-sur-les-determinants-cles-et-leviers-de-prevention-de-la-violence-politique-en-cote-divoire\/#primaryimage"},"thumbnailUrl":"https:\/\/www.interpeace.org\/wp-content\/uploads\/2024\/01\/SCORE-RAP-PREDIA-feature.png","datePublished":"2023-12-15T17:13:06+00:00","dateModified":"2024-02-05T23:49:09+00:00","breadcrumb":{"@id":"https:\/\/www.interpeace.org\/fr\/resource\/rapport-danalyse-sur-les-determinants-cles-et-leviers-de-prevention-de-la-violence-politique-en-cote-divoire\/#breadcrumb"},"inLanguage":"fr-FR","potentialAction":[{"@type":"ReadAction","target":["https:\/\/www.interpeace.org\/fr\/resource\/rapport-danalyse-sur-les-determinants-cles-et-leviers-de-prevention-de-la-violence-politique-en-cote-divoire\/"]}]},{"@type":"ImageObject","inLanguage":"fr-FR","@id":"https:\/\/www.interpeace.org\/fr\/resource\/rapport-danalyse-sur-les-determinants-cles-et-leviers-de-prevention-de-la-violence-politique-en-cote-divoire\/#primaryimage","url":"https:\/\/www.interpeace.org\/wp-content\/uploads\/2024\/01\/SCORE-RAP-PREDIA-feature.png","contentUrl":"https:\/\/www.interpeace.org\/wp-content\/uploads\/2024\/01\/SCORE-RAP-PREDIA-feature.png","width":1764,"height":982},{"@type":"BreadcrumbList","@id":"https:\/\/www.interpeace.org\/fr\/resource\/rapport-danalyse-sur-les-determinants-cles-et-leviers-de-prevention-de-la-violence-politique-en-cote-divoire\/#breadcrumb","itemListElement":[{"@type":"ListItem","position":1,"name":"Home","item":"https:\/\/www.interpeace.org\/"},{"@type":"ListItem","position":2,"name":"Rapport d\u2019analyse sur les d\u00e9terminants cl\u00e9s et leviers de pr\u00e9vention de la violence politique en C\u00f4te d\u2019Ivoire"}]},{"@type":"WebSite","@id":"https:\/\/www.interpeace.org\/#website","url":"https:\/\/www.interpeace.org\/","name":"Interpeace","description":"Permettre aux gens de construire une paix durable depuis 1994","publisher":{"@id":"https:\/\/www.interpeace.org\/#organization"},"potentialAction":[{"@type":"SearchAction","target":{"@type":"EntryPoint","urlTemplate":"https:\/\/www.interpeace.org\/?s={search_term_string}"},"query-input":{"@type":"PropertyValueSpecification","valueRequired":true,"valueName":"search_term_string"}}],"inLanguage":"fr-FR"},{"@type":"Organization","@id":"https:\/\/www.interpeace.org\/#organization","name":"INTERPEACE","url":"https:\/\/www.interpeace.org\/","logo":{"@type":"ImageObject","inLanguage":"fr-FR","@id":"https:\/\/www.interpeace.org\/#\/schema\/logo\/image\/","url":"https:\/\/www.interpeace.org\/wp-content\/uploads\/2019\/11\/EN-Interpeace-small.png","contentUrl":"https:\/\/www.interpeace.org\/wp-content\/uploads\/2019\/11\/EN-Interpeace-small.png","width":111,"height":85,"caption":"INTERPEACE"},"image":{"@id":"https:\/\/www.interpeace.org\/#\/schema\/logo\/image\/"},"sameAs":["https:\/\/www.facebook.com\/Interpeace","https:\/\/x.com\/InterpeaceTweet","https:\/\/www.instagram.com\/interpeace\/"]}]}},"_links":{"self":[{"href":"https:\/\/www.interpeace.org\/fr\/wp-json\/wp\/v2\/resource\/15589","targetHints":{"allow":["GET"]}}],"collection":[{"href":"https:\/\/www.interpeace.org\/fr\/wp-json\/wp\/v2\/resource"}],"about":[{"href":"https:\/\/www.interpeace.org\/fr\/wp-json\/wp\/v2\/types\/resource"}],"wp:featuredmedia":[{"embeddable":true,"href":"https:\/\/www.interpeace.org\/fr\/wp-json\/wp\/v2\/media\/15590"}],"wp:attachment":[{"href":"https:\/\/www.interpeace.org\/fr\/wp-json\/wp\/v2\/media?parent=15589"}],"wp:term":[{"taxonomy":"globales","embeddable":true,"href":"https:\/\/www.interpeace.org\/fr\/wp-json\/wp\/v2\/globales?post=15589"},{"taxonomy":"initiatives","embeddable":true,"href":"https:\/\/www.interpeace.org\/fr\/wp-json\/wp\/v2\/initiatives?post=15589"},{"taxonomy":"language","embeddable":true,"href":"https:\/\/www.interpeace.org\/fr\/wp-json\/wp\/v2\/language?post=15589"},{"taxonomy":"programmes","embeddable":true,"href":"https:\/\/www.interpeace.org\/fr\/wp-json\/wp\/v2\/programmes?post=15589"},{"taxonomy":"programme_resources","embeddable":true,"href":"https:\/\/www.interpeace.org\/fr\/wp-json\/wp\/v2\/programme_resources?post=15589"},{"taxonomy":"resource-type","embeddable":true,"href":"https:\/\/www.interpeace.org\/fr\/wp-json\/wp\/v2\/resource-type?post=15589"},{"taxonomy":"resource_theme","embeddable":true,"href":"https:\/\/www.interpeace.org\/fr\/wp-json\/wp\/v2\/resource_theme?post=15589"},{"taxonomy":"videos_vimeo","embeddable":true,"href":"https:\/\/www.interpeace.org\/fr\/wp-json\/wp\/v2\/videos_vimeo?post=15589"},{"taxonomy":"resources_categories","embeddable":true,"href":"https:\/\/www.interpeace.org\/fr\/wp-json\/wp\/v2\/resources_categories?post=15589"}],"curies":[{"name":"wp","href":"https:\/\/api.w.org\/{rel}","templated":true}]}}