{"id":10384,"date":"2021-06-04T23:54:23","date_gmt":"2021-06-04T21:54:23","guid":{"rendered":"https:\/\/www.interpeace.org\/?post_type=resource&#038;p=10384"},"modified":"2021-06-04T23:54:23","modified_gmt":"2021-06-04T21:54:23","slug":"projet-de-dialogue-mediation-et-reconciliation","status":"publish","type":"resource","link":"https:\/\/www.interpeace.org\/fr\/resource\/projet-de-dialogue-mediation-et-reconciliation\/","title":{"rendered":"Projet de dialogue, m\u00e9diation et r\u00e9conciliation entre les communaut\u00e9s, les autorit\u00e9s et les forces de s\u00e9curit\u00e9"},"content":{"rendered":"<p>&nbsp;<\/p>\n<p><span data-contrast=\"auto\">Cette vid\u00e9o pr\u00e9sente comment la cr\u00e9ation d'espaces s\u00fbrs et inclusifs,\u00a0o\u00f9 les citoyens peuvent g\u00e9rer\u00a0eux-m\u00eames\u00a0les conflits qui les affectent de mani\u00e8re constructive,\u00a0a\u00a0pos\u00e9 des bases solides\u00a0pour une paix durable\u00a0dans la r\u00e9gion du\u00a0Kasa\u00ef\u00a0en\u00a0RD\u00a0Congo.<\/span><span data-ccp-props=\"{&quot;335551550&quot;:6,&quot;335551620&quot;:6}\">\u00a0<\/span><\/p>\n<p><span data-contrast=\"auto\">Entre 2016 et 2018,\u00a0cette\u00a0r\u00e9gion a \u00e9t\u00e9 le th\u00e9\u00e2tre d'un\u00a0conflit\u00a0violent,d\u00e9clench\u00e9\u00a0par une dispute entre le gouvernement et le chef coutumier\u00a0influent\u00a0du territoire de\u00a0Dibaya, le\u00a0Kamwina\u00a0Nsapu\u00a0Jean Prince\u00a0Mpandi.\u00a0Ce\u00a0conflit s'est\u00a0rapidement\u00a0propag\u00e9\u00a0dans\u00a0la r\u00e9gion, avec des cons\u00e9quences n\u00e9gatives sans pr\u00e9c\u00e9dent pour la paix et la coh\u00e9sion sociale dans la r\u00e9gion.<\/span><span data-ccp-props=\"{&quot;335551550&quot;:6,&quot;335551620&quot;:6}\">\u00a0<\/span><\/p>\n<p><span data-contrast=\"auto\">En 2019,\u00a0Interpeace\u00a0et ses partenaires locaux (APC, CDJP et TDH) ont\u00a0initi\u00e9\u00a0un\u00a0programme\u00a0visant \u00e0 renforcer la confiance et la r\u00e9conciliation entre les communaut\u00e9s, les autorit\u00e9s et les forces de s\u00e9curit\u00e9 dans les provinces du Kasa\u00ef et du Kasa\u00ef Central. Cette initiative, la premi\u00e8re du genre dans la r\u00e9gion\u00a0-\u00a0par son contenu et approche participative\u00a0-\u00a0a r\u00e9uni des acteurs communautaires, provinciaux et nationaux pour identifier conjointement les causes des conflits et les efforts \u00e0 fournir pour consolider la paix de mani\u00e8re durable et inclusive.<\/span><span data-ccp-props=\"{&quot;335551550&quot;:6,&quot;335551620&quot;:6}\">\u00a0<\/span><\/p>\n<hr \/>\n<p><span data-contrast=\"auto\">This video presents robust outcomes for sustainable peace in RD Congo\u2019s\u00a0Kasa\u00ef region,\u00a0where Interpeace and its partners have created safe spaces for communities to manage their conflicts themselves in a constructive manner.<\/span><span data-ccp-props=\"{&quot;335551550&quot;:6,&quot;335551620&quot;:6}\">\u00a0<\/span><\/p>\n<p><span data-contrast=\"auto\">Between 2016 and 2018, the\u00a0Kasa\u00ef\u00a0region\u00a0was the scene of\u00a0violence\u00a0triggered by\u00a0a dispute between the government and the customary chief of the\u00a0Dibaya\u00a0territory,\u00a0Kamwina\u00a0Nsapu\u00a0Jean Prince\u00a0Mpandi. The conflict spread rapidly,\u00a0disrupted social\u00a0cohesion\u00a0and left the region\u00a0with\u00a0an\u00a0unprecedented negative\u00a0impact on\u00a0peace and social cohesion.\u00a0<\/span><span data-ccp-props=\"{&quot;335551550&quot;:6,&quot;335551620&quot;:6}\">\u00a0<\/span><\/p>\n<p><span data-contrast=\"auto\">In\u00a0response, Interpeace and its local partners (APC, CDJP and TDH),\u00a0began\u00a0implementing\u00a0a trust-building programme in 2019, in the\u00a0Kasa\u00ef\u00a0and Central\u00a0Kasa\u00ef\u00a0provinces.\u00a0This initiative\u00a0was\u00a0the first of its kind in the region,\u00a0in terms of content and its participatory approach.\u00a0It\u00a0brought together community, provincial and national actors to jointly identify the causes of conflict and the efforts required to consolidate\u00a0and sustain\u00a0peace in\u00a0an\u00a0inclusive manner.<\/span><\/p>","protected":false},"featured_media":10385,"template":"","meta":{"_acf_changed":false,"_editorskit_title_hidden":false,"_editorskit_reading_time":0,"_editorskit_is_block_options_detached":false,"_editorskit_block_options_position":"{}","editor_plus_copied_stylings":"{}","_exactmetrics_skip_tracking":false,"_exactmetrics_sitenote_active":false,"_exactmetrics_sitenote_note":"","_exactmetrics_sitenote_category":0,"_links_to":"","_links_to_target":""},"globales":[],"initiatives":[863,865],"language":[66],"programmes":[214,68],"programme_resources":[],"resource-type":[],"resource_theme":[],"videos_vimeo":[],"resources_categories":[],"class_list":["post-10384","resource","type-resource","status-publish","has-post-thumbnail","hentry","initiatives-restoring-trust-region","initiatives-strengthening-population-response","language-french","programmes-democratic-republic-of-the-congo","programmes-eastern-and-central-africa"],"acf":[],"yoast_head":"<!-- This site is optimized with the Yoast SEO Premium plugin v27.4 (Yoast SEO v27.4) - https:\/\/yoast.com\/product\/yoast-seo-premium-wordpress\/ -->\n<title>Projet de dialogue, m\u00e9diation et r\u00e9conciliation entre les communaut\u00e9s, les autorit\u00e9s et les forces de s\u00e9curit\u00e9 - Interpeace<\/title>\n<meta name=\"robots\" content=\"index, follow, max-snippet:-1, max-image-preview:large, max-video-preview:-1\" \/>\n<link rel=\"canonical\" href=\"https:\/\/www.interpeace.org\/fr\/resource\/projet-de-dialogue-mediation-et-reconciliation\/\" \/>\n<meta property=\"og:locale\" content=\"fr_FR\" \/>\n<meta property=\"og:type\" content=\"article\" \/>\n<meta property=\"og:title\" content=\"Projet de dialogue, m\u00e9diation et r\u00e9conciliation entre les communaut\u00e9s, les autorit\u00e9s et les forces de s\u00e9curit\u00e9\" \/>\n<meta property=\"og:description\" content=\"&nbsp; Cette vid\u00e9o pr\u00e9sente comment la cr\u00e9ation d&#039;espaces s\u00fbrs et inclusifs,\u00a0o\u00f9 les citoyens peuvent g\u00e9rer\u00a0eux-m\u00eames\u00a0les conflits qui les affectent de mani\u00e8re constructive,\u00a0a\u00a0pos\u00e9 des bases solides\u00a0pour une paix durable\u00a0dans la r\u00e9gion du\u00a0Kasa\u00ef\u00a0en\u00a0RD\u00a0Congo.\u00a0 Entre 2016 et 2018,\u00a0cette\u00a0r\u00e9gion a \u00e9t\u00e9 le th\u00e9\u00e2tre d&#039;un\u00a0conflit\u00a0violent,d\u00e9clench\u00e9\u00a0par une dispute entre le gouvernement et le chef coutumier\u00a0influent\u00a0du territoire de\u00a0Dibaya, le\u00a0Kamwina\u00a0Nsapu\u00a0Jean Prince\u00a0Mpandi.\u00a0Ce\u00a0conflit s&#039;est\u00a0rapidement\u00a0propag\u00e9\u00a0dans\u00a0la r\u00e9gion, [&hellip;]\" \/>\n<meta property=\"og:url\" content=\"https:\/\/www.interpeace.org\/fr\/resource\/projet-de-dialogue-mediation-et-reconciliation\/\" \/>\n<meta property=\"og:site_name\" content=\"Interpeace\" \/>\n<meta property=\"article:publisher\" content=\"https:\/\/www.facebook.com\/Interpeace\" \/>\n<meta property=\"og:image\" content=\"https:\/\/www.interpeace.org\/wp-content\/uploads\/2021\/06\/Kasai-video-feature-image-1-1195x500.jpg\" \/>\n\t<meta property=\"og:image:width\" content=\"1195\" \/>\n\t<meta property=\"og:image:height\" content=\"672\" \/>\n\t<meta property=\"og:image:type\" content=\"image\/jpeg\" \/>\n<meta name=\"twitter:card\" content=\"summary_large_image\" \/>\n<meta name=\"twitter:site\" content=\"@InterpeaceTweet\" \/>\n<meta name=\"twitter:label1\" content=\"Dur\u00e9e de lecture estim\u00e9e\" \/>\n\t<meta name=\"twitter:data1\" content=\"2 minutes\" \/>\n<script type=\"application\/ld+json\" class=\"yoast-schema-graph\">{\"@context\":\"https:\\\/\\\/schema.org\",\"@graph\":[{\"@type\":\"WebPage\",\"@id\":\"https:\\\/\\\/www.interpeace.org\\\/resource\\\/projet-de-dialogue-mediation-et-reconciliation\\\/\",\"url\":\"https:\\\/\\\/www.interpeace.org\\\/resource\\\/projet-de-dialogue-mediation-et-reconciliation\\\/\",\"name\":\"Projet de dialogue, m\u00e9diation et r\u00e9conciliation entre les communaut\u00e9s, les autorit\u00e9s et les forces de s\u00e9curit\u00e9 - Interpeace\",\"isPartOf\":{\"@id\":\"https:\\\/\\\/www.interpeace.org\\\/#website\"},\"primaryImageOfPage\":{\"@id\":\"https:\\\/\\\/www.interpeace.org\\\/resource\\\/projet-de-dialogue-mediation-et-reconciliation\\\/#primaryimage\"},\"image\":{\"@id\":\"https:\\\/\\\/www.interpeace.org\\\/resource\\\/projet-de-dialogue-mediation-et-reconciliation\\\/#primaryimage\"},\"thumbnailUrl\":\"https:\\\/\\\/www.interpeace.org\\\/wp-content\\\/uploads\\\/2021\\\/06\\\/Kasai-video-feature-image-1-1195x500.jpg\",\"datePublished\":\"2021-06-04T21:54:23+00:00\",\"breadcrumb\":{\"@id\":\"https:\\\/\\\/www.interpeace.org\\\/resource\\\/projet-de-dialogue-mediation-et-reconciliation\\\/#breadcrumb\"},\"inLanguage\":\"fr-FR\",\"potentialAction\":[{\"@type\":\"ReadAction\",\"target\":[\"https:\\\/\\\/www.interpeace.org\\\/resource\\\/projet-de-dialogue-mediation-et-reconciliation\\\/\"]}]},{\"@type\":\"ImageObject\",\"inLanguage\":\"fr-FR\",\"@id\":\"https:\\\/\\\/www.interpeace.org\\\/resource\\\/projet-de-dialogue-mediation-et-reconciliation\\\/#primaryimage\",\"url\":\"https:\\\/\\\/www.interpeace.org\\\/wp-content\\\/uploads\\\/2021\\\/06\\\/Kasai-video-feature-image-1-1195x500.jpg\",\"contentUrl\":\"https:\\\/\\\/www.interpeace.org\\\/wp-content\\\/uploads\\\/2021\\\/06\\\/Kasai-video-feature-image-1-1195x500.jpg\",\"width\":1195,\"height\":672},{\"@type\":\"BreadcrumbList\",\"@id\":\"https:\\\/\\\/www.interpeace.org\\\/resource\\\/projet-de-dialogue-mediation-et-reconciliation\\\/#breadcrumb\",\"itemListElement\":[{\"@type\":\"ListItem\",\"position\":1,\"name\":\"Home\",\"item\":\"https:\\\/\\\/www.interpeace.org\\\/\"},{\"@type\":\"ListItem\",\"position\":2,\"name\":\"Projet de dialogue, m\u00e9diation et r\u00e9conciliation entre les communaut\u00e9s, les autorit\u00e9s et les forces de s\u00e9curit\u00e9\"}]},{\"@type\":\"WebSite\",\"@id\":\"https:\\\/\\\/www.interpeace.org\\\/#website\",\"url\":\"https:\\\/\\\/www.interpeace.org\\\/\",\"name\":\"Interpeace\",\"description\":\"Enabling people to build lasting peace since 1994\",\"publisher\":{\"@id\":\"https:\\\/\\\/www.interpeace.org\\\/#organization\"},\"potentialAction\":[{\"@type\":\"SearchAction\",\"target\":{\"@type\":\"EntryPoint\",\"urlTemplate\":\"https:\\\/\\\/www.interpeace.org\\\/?s={search_term_string}\"},\"query-input\":{\"@type\":\"PropertyValueSpecification\",\"valueRequired\":true,\"valueName\":\"search_term_string\"}}],\"inLanguage\":\"fr-FR\"},{\"@type\":\"Organization\",\"@id\":\"https:\\\/\\\/www.interpeace.org\\\/#organization\",\"name\":\"INTERPEACE\",\"url\":\"https:\\\/\\\/www.interpeace.org\\\/\",\"logo\":{\"@type\":\"ImageObject\",\"inLanguage\":\"fr-FR\",\"@id\":\"https:\\\/\\\/www.interpeace.org\\\/#\\\/schema\\\/logo\\\/image\\\/\",\"url\":\"https:\\\/\\\/www.interpeace.org\\\/wp-content\\\/uploads\\\/2019\\\/11\\\/EN-Interpeace-small.png\",\"contentUrl\":\"https:\\\/\\\/www.interpeace.org\\\/wp-content\\\/uploads\\\/2019\\\/11\\\/EN-Interpeace-small.png\",\"width\":111,\"height\":85,\"caption\":\"INTERPEACE\"},\"image\":{\"@id\":\"https:\\\/\\\/www.interpeace.org\\\/#\\\/schema\\\/logo\\\/image\\\/\"},\"sameAs\":[\"https:\\\/\\\/www.facebook.com\\\/Interpeace\",\"https:\\\/\\\/x.com\\\/InterpeaceTweet\",\"https:\\\/\\\/www.instagram.com\\\/interpeace\\\/\"]}]}<\/script>\n<!-- \/ Yoast SEO Premium plugin. -->","yoast_head_json":{"title":"Projet de dialogue, m\u00e9diation et r\u00e9conciliation entre les communaut\u00e9s, les autorit\u00e9s et les forces de s\u00e9curit\u00e9 - Interpeace","robots":{"index":"index","follow":"follow","max-snippet":"max-snippet:-1","max-image-preview":"max-image-preview:large","max-video-preview":"max-video-preview:-1"},"canonical":"https:\/\/www.interpeace.org\/fr\/resource\/projet-de-dialogue-mediation-et-reconciliation\/","og_locale":"fr_FR","og_type":"article","og_title":"Projet de dialogue, m\u00e9diation et r\u00e9conciliation entre les communaut\u00e9s, les autorit\u00e9s et les forces de s\u00e9curit\u00e9","og_description":"&nbsp; Cette vid\u00e9o pr\u00e9sente comment la cr\u00e9ation d'espaces s\u00fbrs et inclusifs,\u00a0o\u00f9 les citoyens peuvent g\u00e9rer\u00a0eux-m\u00eames\u00a0les conflits qui les affectent de mani\u00e8re constructive,\u00a0a\u00a0pos\u00e9 des bases solides\u00a0pour une paix durable\u00a0dans la r\u00e9gion du\u00a0Kasa\u00ef\u00a0en\u00a0RD\u00a0Congo.\u00a0 Entre 2016 et 2018,\u00a0cette\u00a0r\u00e9gion a \u00e9t\u00e9 le th\u00e9\u00e2tre d'un\u00a0conflit\u00a0violent,d\u00e9clench\u00e9\u00a0par une dispute entre le gouvernement et le chef coutumier\u00a0influent\u00a0du territoire de\u00a0Dibaya, le\u00a0Kamwina\u00a0Nsapu\u00a0Jean Prince\u00a0Mpandi.\u00a0Ce\u00a0conflit s'est\u00a0rapidement\u00a0propag\u00e9\u00a0dans\u00a0la r\u00e9gion, [&hellip;]","og_url":"https:\/\/www.interpeace.org\/fr\/resource\/projet-de-dialogue-mediation-et-reconciliation\/","og_site_name":"Interpeace","article_publisher":"https:\/\/www.facebook.com\/Interpeace","og_image":[{"width":1195,"height":672,"url":"https:\/\/www.interpeace.org\/wp-content\/uploads\/2021\/06\/Kasai-video-feature-image-1-1195x500.jpg","type":"image\/jpeg"}],"twitter_card":"summary_large_image","twitter_site":"@InterpeaceTweet","twitter_misc":{"Dur\u00e9e de lecture estim\u00e9e":"2 minutes"},"schema":{"@context":"https:\/\/schema.org","@graph":[{"@type":"WebPage","@id":"https:\/\/www.interpeace.org\/resource\/projet-de-dialogue-mediation-et-reconciliation\/","url":"https:\/\/www.interpeace.org\/resource\/projet-de-dialogue-mediation-et-reconciliation\/","name":"Projet de dialogue, m\u00e9diation et r\u00e9conciliation entre les communaut\u00e9s, les autorit\u00e9s et les forces de s\u00e9curit\u00e9 - Interpeace","isPartOf":{"@id":"https:\/\/www.interpeace.org\/#website"},"primaryImageOfPage":{"@id":"https:\/\/www.interpeace.org\/resource\/projet-de-dialogue-mediation-et-reconciliation\/#primaryimage"},"image":{"@id":"https:\/\/www.interpeace.org\/resource\/projet-de-dialogue-mediation-et-reconciliation\/#primaryimage"},"thumbnailUrl":"https:\/\/www.interpeace.org\/wp-content\/uploads\/2021\/06\/Kasai-video-feature-image-1-1195x500.jpg","datePublished":"2021-06-04T21:54:23+00:00","breadcrumb":{"@id":"https:\/\/www.interpeace.org\/resource\/projet-de-dialogue-mediation-et-reconciliation\/#breadcrumb"},"inLanguage":"fr-FR","potentialAction":[{"@type":"ReadAction","target":["https:\/\/www.interpeace.org\/resource\/projet-de-dialogue-mediation-et-reconciliation\/"]}]},{"@type":"ImageObject","inLanguage":"fr-FR","@id":"https:\/\/www.interpeace.org\/resource\/projet-de-dialogue-mediation-et-reconciliation\/#primaryimage","url":"https:\/\/www.interpeace.org\/wp-content\/uploads\/2021\/06\/Kasai-video-feature-image-1-1195x500.jpg","contentUrl":"https:\/\/www.interpeace.org\/wp-content\/uploads\/2021\/06\/Kasai-video-feature-image-1-1195x500.jpg","width":1195,"height":672},{"@type":"BreadcrumbList","@id":"https:\/\/www.interpeace.org\/resource\/projet-de-dialogue-mediation-et-reconciliation\/#breadcrumb","itemListElement":[{"@type":"ListItem","position":1,"name":"Home","item":"https:\/\/www.interpeace.org\/"},{"@type":"ListItem","position":2,"name":"Projet de dialogue, m\u00e9diation et r\u00e9conciliation entre les communaut\u00e9s, les autorit\u00e9s et les forces de s\u00e9curit\u00e9"}]},{"@type":"WebSite","@id":"https:\/\/www.interpeace.org\/#website","url":"https:\/\/www.interpeace.org\/","name":"Interpeace","description":"Permettre aux gens de construire une paix durable depuis 1994","publisher":{"@id":"https:\/\/www.interpeace.org\/#organization"},"potentialAction":[{"@type":"SearchAction","target":{"@type":"EntryPoint","urlTemplate":"https:\/\/www.interpeace.org\/?s={search_term_string}"},"query-input":{"@type":"PropertyValueSpecification","valueRequired":true,"valueName":"search_term_string"}}],"inLanguage":"fr-FR"},{"@type":"Organization","@id":"https:\/\/www.interpeace.org\/#organization","name":"INTERPEACE","url":"https:\/\/www.interpeace.org\/","logo":{"@type":"ImageObject","inLanguage":"fr-FR","@id":"https:\/\/www.interpeace.org\/#\/schema\/logo\/image\/","url":"https:\/\/www.interpeace.org\/wp-content\/uploads\/2019\/11\/EN-Interpeace-small.png","contentUrl":"https:\/\/www.interpeace.org\/wp-content\/uploads\/2019\/11\/EN-Interpeace-small.png","width":111,"height":85,"caption":"INTERPEACE"},"image":{"@id":"https:\/\/www.interpeace.org\/#\/schema\/logo\/image\/"},"sameAs":["https:\/\/www.facebook.com\/Interpeace","https:\/\/x.com\/InterpeaceTweet","https:\/\/www.instagram.com\/interpeace\/"]}]}},"_links":{"self":[{"href":"https:\/\/www.interpeace.org\/fr\/wp-json\/wp\/v2\/resource\/10384","targetHints":{"allow":["GET"]}}],"collection":[{"href":"https:\/\/www.interpeace.org\/fr\/wp-json\/wp\/v2\/resource"}],"about":[{"href":"https:\/\/www.interpeace.org\/fr\/wp-json\/wp\/v2\/types\/resource"}],"wp:featuredmedia":[{"embeddable":true,"href":"https:\/\/www.interpeace.org\/fr\/wp-json\/wp\/v2\/media\/10385"}],"wp:attachment":[{"href":"https:\/\/www.interpeace.org\/fr\/wp-json\/wp\/v2\/media?parent=10384"}],"wp:term":[{"taxonomy":"globales","embeddable":true,"href":"https:\/\/www.interpeace.org\/fr\/wp-json\/wp\/v2\/globales?post=10384"},{"taxonomy":"initiatives","embeddable":true,"href":"https:\/\/www.interpeace.org\/fr\/wp-json\/wp\/v2\/initiatives?post=10384"},{"taxonomy":"language","embeddable":true,"href":"https:\/\/www.interpeace.org\/fr\/wp-json\/wp\/v2\/language?post=10384"},{"taxonomy":"programmes","embeddable":true,"href":"https:\/\/www.interpeace.org\/fr\/wp-json\/wp\/v2\/programmes?post=10384"},{"taxonomy":"programme_resources","embeddable":true,"href":"https:\/\/www.interpeace.org\/fr\/wp-json\/wp\/v2\/programme_resources?post=10384"},{"taxonomy":"resource-type","embeddable":true,"href":"https:\/\/www.interpeace.org\/fr\/wp-json\/wp\/v2\/resource-type?post=10384"},{"taxonomy":"resource_theme","embeddable":true,"href":"https:\/\/www.interpeace.org\/fr\/wp-json\/wp\/v2\/resource_theme?post=10384"},{"taxonomy":"videos_vimeo","embeddable":true,"href":"https:\/\/www.interpeace.org\/fr\/wp-json\/wp\/v2\/videos_vimeo?post=10384"},{"taxonomy":"resources_categories","embeddable":true,"href":"https:\/\/www.interpeace.org\/fr\/wp-json\/wp\/v2\/resources_categories?post=10384"}],"curies":[{"name":"wp","href":"https:\/\/api.w.org\/{rel}","templated":true}]}}