{"id":15544,"date":"2024-01-11T21:48:47","date_gmt":"2024-01-11T20:48:47","guid":{"rendered":"https:\/\/www.interpeace.org\/?post_type=initiative&#038;p=15544"},"modified":"2025-05-15T19:44:12","modified_gmt":"2025-05-15T17:44:12","slug":"strengthening-the-psychosocial-well-being-of-people-affected-by-the-security-crisis-for-resilience-and-sustainable-peace-in-burkina-faso","status":"publish","type":"initiative","link":"https:\/\/www.interpeace.org\/fr\/initiative\/strengthening-the-psychosocial-well-being-of-people-affected-by-the-security-crisis-for-resilience-and-sustainable-peace-in-burkina-faso\/","title":{"rendered":"Renforcement du bien-\u00eatre psychosocial des personnes affect\u00e9es par la crise s\u00e9curitaire pour la r\u00e9silience et une paix durable au Burkina Faso"},"content":{"rendered":"<p>Le Burkina Faso est actuellement confront\u00e9 \u00e0 une crise s\u00e9curitaire et humanitaire multidimensionnelle qui affecte plusieurs secteurs de la vie nationale, principalement la sant\u00e9, le d\u00e9veloppement, la stabilit\u00e9 politique et la coh\u00e9sion sociale.<\/p>\n<p>Pour faire face aux traumatismes caus\u00e9s par cette crise ainsi qu\u2019\u00e0 ses cons\u00e9quences, Interpeace met en \u0153uvre le projet intitul\u00e9 \u00ab Laafia Weltar\u00e9 : renforcer le bien-\u00eatre psychosocial des personnes touch\u00e9es par la crise de s\u00e9curit\u00e9 pour la r\u00e9silience et une paix durable au Burkina Faso \u00bb, avec le soutien technique et financier de l\u2019Ambassade de Su\u00e8de au Burkina Faso. L\u2019objectif est d\u2019int\u00e9grer une approche holistique de la consolidation de la paix, parmi laquelle la sant\u00e9 mentale, le soutien psychosocial et le d\u00e9veloppement des moyens de subsistance dans les strat\u00e9gies, plans et actions des acteurs nationaux et internationaux \u0153uvrant aupr\u00e8s des communaut\u00e9s affect\u00e9es par les crises humanitaires et s\u00e9curitaires.<\/p>\n<p>Interpeace met en \u0153uvre ce projet en partenariat avec le minist\u00e8re de la sant\u00e9 et de l\u2019hygi\u00e8ne publique, le minist\u00e8re de la d\u00e9fense et des anciens combattants, le minist\u00e8re de l\u2019administration territoriale, de la d\u00e9centralisation et de la s\u00e9curit\u00e9, le minist\u00e8re de la solidarit\u00e9 nationale et de l\u2019action humanitaire, du genre et de la famille, ainsi que des organisations de la soci\u00e9t\u00e9 civile (OSC) et des organisations non gouvernementales (ONG) op\u00e9rant dans la r\u00e9gion des Cascades.<\/p>\n<p>Le projet met en avant la collaboration avec un r\u00e9seau de m\u00e9diateurs locaux intervenant au plus pr\u00e8s des personnes touch\u00e9es, en particulier les membres des forces de d\u00e9fense et de s\u00e9curit\u00e9 bless\u00e9s lors des op\u00e9rations, les personnes d\u00e9plac\u00e9es internes et leurs communaut\u00e9s d\u2019accueil.<\/p>\n<p>Pour Interpeace, le bien-\u00eatre psychosocial et la sant\u00e9 mentale sont des composantes essentielles des initiatives de consolidation de la paix \u00e0 moyen et long terme. Renforcer la coh\u00e9sion sociale, c\u2019est r\u00e9pondre aux besoins sociaux, \u00e9conomiques et psychologiques des populations concern\u00e9es.<\/p>\n<p>Pour y parvenir, Interpeace adopte une approche inclusive, favorisant la co-cr\u00e9ation et la conceptualisation collaborative d\u2019outils adapt\u00e9s \u00e0 diff\u00e9rents contextes. Pour l\u2019analyse, l\u2019organisation utilise la recherche-action participative comme m\u00e9thodologie.<\/p>\n<p>En s\u2019appuyant sur son immense exp\u00e9rience dans la mise en \u0153uvre de programmes liant sant\u00e9 mentale, bien-\u00eatre psychosocial, moyens de subsistance et coh\u00e9sion sociale comme approche de consolidation de la paix dans des contextes post-conflit, notamment au Rwanda, Interpeace entend contribuer efficacement \u00e0 la r\u00e9ponse face \u00e0 ces d\u00e9fis.<\/p>","protected":false},"featured_media":15545,"template":"","meta":{"_acf_changed":false,"_editorskit_title_hidden":false,"_editorskit_reading_time":0,"_editorskit_is_block_options_detached":false,"_editorskit_block_options_position":"{}","editor_plus_copied_stylings":"{}","_exactmetrics_skip_tracking":false,"_exactmetrics_sitenote_active":false,"_exactmetrics_sitenote_note":"","_exactmetrics_sitenote_category":0,"_links_to":"","_links_to_target":""},"initiatives":[],"programmes":[220],"class_list":["post-15544","initiative","type-initiative","status-publish","has-post-thumbnail","hentry","programmes-burkina-faso"],"acf":[],"yoast_head":"<!-- This site is optimized with the Yoast SEO Premium plugin v27.4 (Yoast SEO v27.4) - https:\/\/yoast.com\/product\/yoast-seo-premium-wordpress\/ -->\n<title>Strengthening the psychosocial well-being of people affected by the security crisis for resilience and sustainable peace in Burkina Faso - Interpeace<\/title>\n<meta name=\"robots\" content=\"index, follow, max-snippet:-1, max-image-preview:large, max-video-preview:-1\" \/>\n<link rel=\"canonical\" href=\"https:\/\/www.interpeace.org\/fr\/initiative\/strengthening-the-psychosocial-well-being-of-people-affected-by-the-security-crisis-for-resilience-and-sustainable-peace-in-burkina-faso\/\" \/>\n<meta property=\"og:locale\" content=\"fr_FR\" \/>\n<meta property=\"og:type\" content=\"article\" \/>\n<meta property=\"og:title\" content=\"Strengthening the psychosocial well-being of people affected by the security crisis for resilience and sustainable peace in Burkina Faso\" \/>\n<meta property=\"og:description\" content=\"Burkina Faso is currently facing a multidimensional security and humanitarian crisis that is impacting several sectors of national life, mainly health, development, political stability, and social cohesion. To address the traumas caused by the crisis, as well as the consequences for social cohesion, Interpeace is implementing the \u201cLaafia Weltar\u00e9: reinforcing the psychosocial well-being of people [&hellip;]\" \/>\n<meta property=\"og:url\" content=\"https:\/\/www.interpeace.org\/fr\/initiative\/strengthening-the-psychosocial-well-being-of-people-affected-by-the-security-crisis-for-resilience-and-sustainable-peace-in-burkina-faso\/\" \/>\n<meta property=\"og:site_name\" content=\"Interpeace\" \/>\n<meta property=\"article:publisher\" content=\"https:\/\/www.facebook.com\/Interpeace\" \/>\n<meta property=\"article:modified_time\" content=\"2025-05-15T17:44:12+00:00\" \/>\n<meta property=\"og:image\" content=\"https:\/\/www.interpeace.org\/wp-content\/uploads\/2024\/01\/Burkina-Faso-initiative-psychosocial-well-being1.jpeg\" \/>\n\t<meta property=\"og:image:width\" content=\"2000\" \/>\n\t<meta property=\"og:image:height\" content=\"1500\" \/>\n\t<meta property=\"og:image:type\" content=\"image\/jpeg\" \/>\n<meta name=\"twitter:card\" content=\"summary_large_image\" \/>\n<meta name=\"twitter:site\" content=\"@InterpeaceTweet\" \/>\n<meta name=\"twitter:label1\" content=\"Dur\u00e9e de lecture estim\u00e9e\" \/>\n\t<meta name=\"twitter:data1\" content=\"2 minutes\" \/>\n<script type=\"application\/ld+json\" class=\"yoast-schema-graph\">{\"@context\":\"https:\\\/\\\/schema.org\",\"@graph\":[{\"@type\":\"WebPage\",\"@id\":\"https:\\\/\\\/www.interpeace.org\\\/initiative\\\/strengthening-the-psychosocial-well-being-of-people-affected-by-the-security-crisis-for-resilience-and-sustainable-peace-in-burkina-faso\\\/\",\"url\":\"https:\\\/\\\/www.interpeace.org\\\/initiative\\\/strengthening-the-psychosocial-well-being-of-people-affected-by-the-security-crisis-for-resilience-and-sustainable-peace-in-burkina-faso\\\/\",\"name\":\"Strengthening the psychosocial well-being of people affected by the security crisis for resilience and sustainable peace in Burkina Faso - Interpeace\",\"isPartOf\":{\"@id\":\"https:\\\/\\\/www.interpeace.org\\\/#website\"},\"primaryImageOfPage\":{\"@id\":\"https:\\\/\\\/www.interpeace.org\\\/initiative\\\/strengthening-the-psychosocial-well-being-of-people-affected-by-the-security-crisis-for-resilience-and-sustainable-peace-in-burkina-faso\\\/#primaryimage\"},\"image\":{\"@id\":\"https:\\\/\\\/www.interpeace.org\\\/initiative\\\/strengthening-the-psychosocial-well-being-of-people-affected-by-the-security-crisis-for-resilience-and-sustainable-peace-in-burkina-faso\\\/#primaryimage\"},\"thumbnailUrl\":\"https:\\\/\\\/www.interpeace.org\\\/wp-content\\\/uploads\\\/2024\\\/01\\\/Burkina-Faso-initiative-psychosocial-well-being1.jpeg\",\"datePublished\":\"2024-01-11T20:48:47+00:00\",\"dateModified\":\"2025-05-15T17:44:12+00:00\",\"breadcrumb\":{\"@id\":\"https:\\\/\\\/www.interpeace.org\\\/initiative\\\/strengthening-the-psychosocial-well-being-of-people-affected-by-the-security-crisis-for-resilience-and-sustainable-peace-in-burkina-faso\\\/#breadcrumb\"},\"inLanguage\":\"fr-FR\",\"potentialAction\":[{\"@type\":\"ReadAction\",\"target\":[\"https:\\\/\\\/www.interpeace.org\\\/initiative\\\/strengthening-the-psychosocial-well-being-of-people-affected-by-the-security-crisis-for-resilience-and-sustainable-peace-in-burkina-faso\\\/\"]}]},{\"@type\":\"ImageObject\",\"inLanguage\":\"fr-FR\",\"@id\":\"https:\\\/\\\/www.interpeace.org\\\/initiative\\\/strengthening-the-psychosocial-well-being-of-people-affected-by-the-security-crisis-for-resilience-and-sustainable-peace-in-burkina-faso\\\/#primaryimage\",\"url\":\"https:\\\/\\\/www.interpeace.org\\\/wp-content\\\/uploads\\\/2024\\\/01\\\/Burkina-Faso-initiative-psychosocial-well-being1.jpeg\",\"contentUrl\":\"https:\\\/\\\/www.interpeace.org\\\/wp-content\\\/uploads\\\/2024\\\/01\\\/Burkina-Faso-initiative-psychosocial-well-being1.jpeg\",\"width\":2000,\"height\":1500},{\"@type\":\"BreadcrumbList\",\"@id\":\"https:\\\/\\\/www.interpeace.org\\\/initiative\\\/strengthening-the-psychosocial-well-being-of-people-affected-by-the-security-crisis-for-resilience-and-sustainable-peace-in-burkina-faso\\\/#breadcrumb\",\"itemListElement\":[{\"@type\":\"ListItem\",\"position\":1,\"name\":\"Home\",\"item\":\"https:\\\/\\\/www.interpeace.org\\\/\"},{\"@type\":\"ListItem\",\"position\":2,\"name\":\"Strengthening the psychosocial well-being of people affected by the security crisis for resilience and sustainable peace in Burkina Faso\"}]},{\"@type\":\"WebSite\",\"@id\":\"https:\\\/\\\/www.interpeace.org\\\/#website\",\"url\":\"https:\\\/\\\/www.interpeace.org\\\/\",\"name\":\"Interpeace\",\"description\":\"Enabling people to build lasting peace since 1994\",\"publisher\":{\"@id\":\"https:\\\/\\\/www.interpeace.org\\\/#organization\"},\"potentialAction\":[{\"@type\":\"SearchAction\",\"target\":{\"@type\":\"EntryPoint\",\"urlTemplate\":\"https:\\\/\\\/www.interpeace.org\\\/?s={search_term_string}\"},\"query-input\":{\"@type\":\"PropertyValueSpecification\",\"valueRequired\":true,\"valueName\":\"search_term_string\"}}],\"inLanguage\":\"fr-FR\"},{\"@type\":\"Organization\",\"@id\":\"https:\\\/\\\/www.interpeace.org\\\/#organization\",\"name\":\"INTERPEACE\",\"url\":\"https:\\\/\\\/www.interpeace.org\\\/\",\"logo\":{\"@type\":\"ImageObject\",\"inLanguage\":\"fr-FR\",\"@id\":\"https:\\\/\\\/www.interpeace.org\\\/#\\\/schema\\\/logo\\\/image\\\/\",\"url\":\"https:\\\/\\\/www.interpeace.org\\\/wp-content\\\/uploads\\\/2019\\\/11\\\/EN-Interpeace-small.png\",\"contentUrl\":\"https:\\\/\\\/www.interpeace.org\\\/wp-content\\\/uploads\\\/2019\\\/11\\\/EN-Interpeace-small.png\",\"width\":111,\"height\":85,\"caption\":\"INTERPEACE\"},\"image\":{\"@id\":\"https:\\\/\\\/www.interpeace.org\\\/#\\\/schema\\\/logo\\\/image\\\/\"},\"sameAs\":[\"https:\\\/\\\/www.facebook.com\\\/Interpeace\",\"https:\\\/\\\/x.com\\\/InterpeaceTweet\",\"https:\\\/\\\/www.instagram.com\\\/interpeace\\\/\"]}]}<\/script>\n<!-- \/ Yoast SEO Premium plugin. -->","yoast_head_json":{"title":"Strengthening the psychosocial well-being of people affected by the security crisis for resilience and sustainable peace in Burkina Faso - Interpeace","robots":{"index":"index","follow":"follow","max-snippet":"max-snippet:-1","max-image-preview":"max-image-preview:large","max-video-preview":"max-video-preview:-1"},"canonical":"https:\/\/www.interpeace.org\/fr\/initiative\/strengthening-the-psychosocial-well-being-of-people-affected-by-the-security-crisis-for-resilience-and-sustainable-peace-in-burkina-faso\/","og_locale":"fr_FR","og_type":"article","og_title":"Strengthening the psychosocial well-being of people affected by the security crisis for resilience and sustainable peace in Burkina Faso","og_description":"Burkina Faso is currently facing a multidimensional security and humanitarian crisis that is impacting several sectors of national life, mainly health, development, political stability, and social cohesion. To address the traumas caused by the crisis, as well as the consequences for social cohesion, Interpeace is implementing the \u201cLaafia Weltar\u00e9: reinforcing the psychosocial well-being of people [&hellip;]","og_url":"https:\/\/www.interpeace.org\/fr\/initiative\/strengthening-the-psychosocial-well-being-of-people-affected-by-the-security-crisis-for-resilience-and-sustainable-peace-in-burkina-faso\/","og_site_name":"Interpeace","article_publisher":"https:\/\/www.facebook.com\/Interpeace","article_modified_time":"2025-05-15T17:44:12+00:00","og_image":[{"width":2000,"height":1500,"url":"https:\/\/www.interpeace.org\/wp-content\/uploads\/2024\/01\/Burkina-Faso-initiative-psychosocial-well-being1.jpeg","type":"image\/jpeg"}],"twitter_card":"summary_large_image","twitter_site":"@InterpeaceTweet","twitter_misc":{"Dur\u00e9e de lecture estim\u00e9e":"2 minutes"},"schema":{"@context":"https:\/\/schema.org","@graph":[{"@type":"WebPage","@id":"https:\/\/www.interpeace.org\/initiative\/strengthening-the-psychosocial-well-being-of-people-affected-by-the-security-crisis-for-resilience-and-sustainable-peace-in-burkina-faso\/","url":"https:\/\/www.interpeace.org\/initiative\/strengthening-the-psychosocial-well-being-of-people-affected-by-the-security-crisis-for-resilience-and-sustainable-peace-in-burkina-faso\/","name":"Strengthening the psychosocial well-being of people affected by the security crisis for resilience and sustainable peace in Burkina Faso - Interpeace","isPartOf":{"@id":"https:\/\/www.interpeace.org\/#website"},"primaryImageOfPage":{"@id":"https:\/\/www.interpeace.org\/initiative\/strengthening-the-psychosocial-well-being-of-people-affected-by-the-security-crisis-for-resilience-and-sustainable-peace-in-burkina-faso\/#primaryimage"},"image":{"@id":"https:\/\/www.interpeace.org\/initiative\/strengthening-the-psychosocial-well-being-of-people-affected-by-the-security-crisis-for-resilience-and-sustainable-peace-in-burkina-faso\/#primaryimage"},"thumbnailUrl":"https:\/\/www.interpeace.org\/wp-content\/uploads\/2024\/01\/Burkina-Faso-initiative-psychosocial-well-being1.jpeg","datePublished":"2024-01-11T20:48:47+00:00","dateModified":"2025-05-15T17:44:12+00:00","breadcrumb":{"@id":"https:\/\/www.interpeace.org\/initiative\/strengthening-the-psychosocial-well-being-of-people-affected-by-the-security-crisis-for-resilience-and-sustainable-peace-in-burkina-faso\/#breadcrumb"},"inLanguage":"fr-FR","potentialAction":[{"@type":"ReadAction","target":["https:\/\/www.interpeace.org\/initiative\/strengthening-the-psychosocial-well-being-of-people-affected-by-the-security-crisis-for-resilience-and-sustainable-peace-in-burkina-faso\/"]}]},{"@type":"ImageObject","inLanguage":"fr-FR","@id":"https:\/\/www.interpeace.org\/initiative\/strengthening-the-psychosocial-well-being-of-people-affected-by-the-security-crisis-for-resilience-and-sustainable-peace-in-burkina-faso\/#primaryimage","url":"https:\/\/www.interpeace.org\/wp-content\/uploads\/2024\/01\/Burkina-Faso-initiative-psychosocial-well-being1.jpeg","contentUrl":"https:\/\/www.interpeace.org\/wp-content\/uploads\/2024\/01\/Burkina-Faso-initiative-psychosocial-well-being1.jpeg","width":2000,"height":1500},{"@type":"BreadcrumbList","@id":"https:\/\/www.interpeace.org\/initiative\/strengthening-the-psychosocial-well-being-of-people-affected-by-the-security-crisis-for-resilience-and-sustainable-peace-in-burkina-faso\/#breadcrumb","itemListElement":[{"@type":"ListItem","position":1,"name":"Home","item":"https:\/\/www.interpeace.org\/"},{"@type":"ListItem","position":2,"name":"Strengthening the psychosocial well-being of people affected by the security crisis for resilience and sustainable peace in Burkina Faso"}]},{"@type":"WebSite","@id":"https:\/\/www.interpeace.org\/#website","url":"https:\/\/www.interpeace.org\/","name":"Interpeace","description":"Permettre aux gens de construire une paix durable depuis 1994","publisher":{"@id":"https:\/\/www.interpeace.org\/#organization"},"potentialAction":[{"@type":"SearchAction","target":{"@type":"EntryPoint","urlTemplate":"https:\/\/www.interpeace.org\/?s={search_term_string}"},"query-input":{"@type":"PropertyValueSpecification","valueRequired":true,"valueName":"search_term_string"}}],"inLanguage":"fr-FR"},{"@type":"Organization","@id":"https:\/\/www.interpeace.org\/#organization","name":"INTERPEACE","url":"https:\/\/www.interpeace.org\/","logo":{"@type":"ImageObject","inLanguage":"fr-FR","@id":"https:\/\/www.interpeace.org\/#\/schema\/logo\/image\/","url":"https:\/\/www.interpeace.org\/wp-content\/uploads\/2019\/11\/EN-Interpeace-small.png","contentUrl":"https:\/\/www.interpeace.org\/wp-content\/uploads\/2019\/11\/EN-Interpeace-small.png","width":111,"height":85,"caption":"INTERPEACE"},"image":{"@id":"https:\/\/www.interpeace.org\/#\/schema\/logo\/image\/"},"sameAs":["https:\/\/www.facebook.com\/Interpeace","https:\/\/x.com\/InterpeaceTweet","https:\/\/www.instagram.com\/interpeace\/"]}]}},"_links":{"self":[{"href":"https:\/\/www.interpeace.org\/fr\/wp-json\/wp\/v2\/initiative\/15544","targetHints":{"allow":["GET"]}}],"collection":[{"href":"https:\/\/www.interpeace.org\/fr\/wp-json\/wp\/v2\/initiative"}],"about":[{"href":"https:\/\/www.interpeace.org\/fr\/wp-json\/wp\/v2\/types\/initiative"}],"wp:featuredmedia":[{"embeddable":true,"href":"https:\/\/www.interpeace.org\/fr\/wp-json\/wp\/v2\/media\/15545"}],"wp:attachment":[{"href":"https:\/\/www.interpeace.org\/fr\/wp-json\/wp\/v2\/media?parent=15544"}],"wp:term":[{"taxonomy":"initiatives","embeddable":true,"href":"https:\/\/www.interpeace.org\/fr\/wp-json\/wp\/v2\/initiatives?post=15544"},{"taxonomy":"programmes","embeddable":true,"href":"https:\/\/www.interpeace.org\/fr\/wp-json\/wp\/v2\/programmes?post=15544"}],"curies":[{"name":"wp","href":"https:\/\/api.w.org\/{rel}","templated":true}]}}